{"id":8858,"date":"2023-05-09T08:54:52","date_gmt":"2023-05-09T14:54:52","guid":{"rendered":"https:\/\/cristinacortinas.org\/sustentabilidad\/?page_id=8858"},"modified":"2023-05-09T09:03:56","modified_gmt":"2023-05-09T15:03:56","slug":"residuos","status":"publish","type":"page","link":"https:\/\/cristinacortinas.org\/sustentabilidad\/residuos\/","title":{"rendered":"Residuos"},"content":{"rendered":"<p style=\"text-align: justify;\">Se proporciona informaci\u00f3n sobre las medidas regulatorias y de otra \u00edndole tendientes a evitar la generaci\u00f3n y a maximizar la valorizaci\u00f3n de residuos s\u00f3lidos urbanos, de manejo especial y peligrosos en M\u00e9xico y el mundo.<\/p>\n<style>\n    .wpdmdt-toolbar {\n        padding: 10px;\n    }\n    .wpdmdt-toolbarb {\n        padding: 5px 10px 10px;\n    }\n    .wpdmdt-toolbar > div {\n        display: inline-block;\n    }\n    table,td,th{\n        border: 0;\n    }\n    #wpdm-all-packages .card{\n        overflow: hidden;\n    }\n    .dataTables_wrapper .table{\n        margin: 0;\n    }\n    #wpdmmydls-1443016fede2b6352121de8fbfc3bbcb{\n        border-bottom: 1px solid #dddddd;\n        border-top: 1px solid #dddddd;\n        font-size: 10pt;\n        min-width: 100%;\n    }\n    #wpdmmydls-1443016fede2b6352121de8fbfc3bbcb .wpdm-download-link img{\n        box-shadow: none !important;\n        max-width: 100%;\n    }\n    .w3eden .pagination{\n        margin: 0 !important;\n    }\n    #wpdmmydls-1443016fede2b6352121de8fbfc3bbcb td:not(:first-child){\n        vertical-align: middle !important;\n    }\n    #wpdmmydls-1443016fede2b6352121de8fbfc3bbcb td.__dt_col_download_link .btn{\n        display: flex;\n        width: 100%;\n    }\n    #wpdmmydls-1443016fede2b6352121de8fbfc3bbcb td.__dt_col_download_link,\n    #wpdmmydls-1443016fede2b6352121de8fbfc3bbcb th#download_link{\n        max-width: 155px !important;\n        width: 155px;\n\n    }\n    #wpdmmydls-1443016fede2b6352121de8fbfc3bbcb th{\n        background-color: rgba(0,0,0,0.04);\n        border-bottom: 1px solid rgba(0,0,0,0.025);\n    }\n    #wpdmmydls-1443016fede2b6352121de8fbfc3bbcb_length label,\n    #wpdmmydls-1443016fede2b6352121de8fbfc3bbcb_filter label{\n        font-weight: 400;\n    }\n    #wpdmmydls-1443016fede2b6352121de8fbfc3bbcb_filter input[type=search]{\n        display: inline-block;\n        width: 200px;\n    }\n    #wpdmmydls-1443016fede2b6352121de8fbfc3bbcb_length select{\n        display: inline-block;\n        width: 60px;\n    }\n\n    #wpdmmydls-1443016fede2b6352121de8fbfc3bbcb .package-title{\n        color:#36597C;\n        font-size: 11pt;\n        font-weight: 700;\n    }\n    #wpdmmydls-1443016fede2b6352121de8fbfc3bbcb .small-txt{\n        margin-right: 7px;\n    }\n    #wpdmmydls-1443016fede2b6352121de8fbfc3bbcb td{\n        min-width: 150px;\n    }\n\n    #wpdmmydls-1443016fede2b6352121de8fbfc3bbcb td.__dt_col_categories{\n        max-width: 300px;\n    }\n\n    #wpdmmydls-1443016fede2b6352121de8fbfc3bbcb .small-txt,\n    #wpdmmydls-1443016fede2b6352121de8fbfc3bbcb small{\n        font-size: 9pt;\n    }\n    .w3eden .table-striped tbody tr:nth-of-type(2n+1) {\n        background-color: rgba(0,0,0,0.015);\n    }\n    .dataTables_wrapper .dataTables_paginate .paginate_button:active,\n    .dataTables_wrapper .dataTables_paginate .paginate_button:focus,\n    .dataTables_wrapper .dataTables_paginate .paginate_button:hover,\n    .dataTables_wrapper .dataTables_paginate .paginate_button{\n        margin: 0 !important;\n        padding: 0 !important;\n        border: 0 !important;\n        background: transparent !important;\n    }\n\n\n    @media (max-width: 799px) {\n        #wpdmmydls-1443016fede2b6352121de8fbfc3bbcb tr {\n            display: block;\n            border: 3px solid rgba(0,0,0,0.3) !important;\n            margin-bottom: 10px !important;\n            position: relative;\n        }\n        #wpdmmydls-1443016fede2b6352121de8fbfc3bbcb thead{\n            display: none;\n        }\n        #wpdmmydls-1443016fede2b6352121de8fbfc3bbcb,\n        #wpdmmydls-1443016fede2b6352121de8fbfc3bbcb td:first-child {\n            border: 0 !important;\n        }\n        #wpdmmydls-1443016fede2b6352121de8fbfc3bbcb td {\n            display: block;\n        }\n        #wpdmmydls-1443016fede2b6352121de8fbfc3bbcb td.__dt_col_download_link {\n            display: block;\n            max-width: 100% !important;\n            width: auto !important;\n\n        }\n    }\n\n\n<\/style>\n<div class=\"w3eden\">\n    <div id=\"wpdm-all-packages\">\n        <table id=\"wpdmmydls-1443016fede2b6352121de8fbfc3bbcb\" class=\"table table-striped wpdm-all-packages-table\">\n            <thead>\n            <tr>\n                                <th style=\"\"  id=\"pagelink\" class=\"\">T\u00edtulo<\/th>\n                                <th style=\"\"  id=\"categories\" class=\"hidden-sm hidden-xs\">Categor\u00edas<\/th>\n                                <th style=\"\"  id=\"updatedate\" class=\"hidden-sm hidden-xs\">Fecha de actualizaci\u00f3n<\/th>\n                                <th style=\"\"  id=\"downloadlink\" class=\"hidden-sm hidden-xs\">Descargar<\/th>\n                \n            <\/tr>\n            <\/thead>\n            <tbody>\n            \n                    <tr class=\"__dt_row\">\n                                                <td  class=\"__dt_col_0 __dt_col __dt_col_page_link\" style=\"background-image: url('https:\/\/cristinacortinas.org\/sustentabilidad\/wp-content\/plugins\/download-manager\/assets\/file-type-icons\/pdf.png');background-size: 36px;background-position: 5px 8px;background-repeat:  no-repeat;padding-left: 52px;line-height: normal;\">\n                            <a class=\"package-title\" href='https:\/\/cristinacortinas.org\/sustentabilidad\/download\/planeacion-del-manejo-sostenible-de-residuos-pecuarios\/'>Planeacio\u0301n del Manejo Sostenible de Residuos Pecuarios<\/a><br\/><span class='__dt_file_count small-txt'>1<\/span><span class='__dt_download_count small-txt'><i class=\"far fa-arrow-alt-circle-down\"><\/i> 9 descargas<\/span><div class=\"hidden-md hidden-lg td-mobile\"><\/div>\n\n                        <\/td>\n                                                <td  class=\"__dt_col_1 __dt_col __dt_col_categories\" >\n                            <span class='__dt_categories '><a class='sbyc' href='https:\/\/cristinacortinas.org\/sustentabilidad\/residuos\/?tax%5Bwpdmcategory%5D=residuos'>Residuos<\/a><\/span>\n\n                        <\/td>\n                                                <td  data-order=\"1777248000\"  class=\"__dt_col_2 __dt_col __dt_col_update_date\" >\n                            <span class='__dt_update_date '>27 abril, 2026<\/span>\n\n                        <\/td>\n                                                <td  class=\"__dt_col_3 __dt_col __dt_col_download_link\" >\n                            <a class='wpdm-download-link download-on-click btn btn-info ' rel='nofollow' href='#' data-downloadurl=\"https:\/\/cristinacortinas.org\/sustentabilidad\/download\/planeacion-del-manejo-sostenible-de-residuos-pecuarios\/?wpdmdl=9990&refresh=69f1999c54dd91777441180\">Descargar<\/a>\n\n                        <\/td>\n                        \n                    <\/tr>\n                \n                    <tr class=\"__dt_row\">\n                                                <td  class=\"__dt_col_0 __dt_col __dt_col_page_link\" style=\"background-image: url('https:\/\/cristinacortinas.org\/sustentabilidad\/wp-content\/plugins\/download-manager\/assets\/file-type-icons\/pdf.png');background-size: 36px;background-position: 5px 8px;background-repeat:  no-repeat;padding-left: 52px;line-height: normal;\">\n                            <a class=\"package-title\" href='https:\/\/cristinacortinas.org\/sustentabilidad\/download\/mitigacion-acelerada-de-impactos-ambientales-via-economia-circular\/'>Mitigacio\u0301n acelerada de impactos ambientales vi\u0301a economi\u0301a circular<\/a><br\/><span class='__dt_file_count small-txt'>1<\/span><span class='__dt_download_count small-txt'><i class=\"far fa-arrow-alt-circle-down\"><\/i> 13 descargas<\/span><div class=\"hidden-md hidden-lg td-mobile\"><\/div>\n\n                        <\/td>\n                                                <td  class=\"__dt_col_1 __dt_col __dt_col_categories\" >\n                            <span class='__dt_categories '><a class='sbyc' href='https:\/\/cristinacortinas.org\/sustentabilidad\/residuos\/?tax%5Bwpdmcategory%5D=economia-circular'>Econom\u00eda Circular<\/a><\/span>\n\n                        <\/td>\n                                                <td  data-order=\"1777248000\"  class=\"__dt_col_2 __dt_col __dt_col_update_date\" >\n                            <span class='__dt_update_date '>27 abril, 2026<\/span>\n\n                        <\/td>\n                                                <td  class=\"__dt_col_3 __dt_col __dt_col_download_link\" >\n                            <a class='wpdm-download-link download-on-click btn btn-info ' rel='nofollow' href='#' data-downloadurl=\"https:\/\/cristinacortinas.org\/sustentabilidad\/download\/mitigacion-acelerada-de-impactos-ambientales-via-economia-circular\/?wpdmdl=9987&refresh=69f1999c58b8f1777441180\">Descargar<\/a>\n\n                        <\/td>\n                        \n                    <\/tr>\n                \n                    <tr class=\"__dt_row\">\n                                                <td  class=\"__dt_col_0 __dt_col __dt_col_page_link\" style=\"background-image: url('https:\/\/cristinacortinas.org\/sustentabilidad\/wp-content\/plugins\/download-manager\/assets\/file-type-icons\/pdf.png');background-size: 36px;background-position: 5px 8px;background-repeat:  no-repeat;padding-left: 52px;line-height: normal;\">\n                            <a class=\"package-title\" href='https:\/\/cristinacortinas.org\/sustentabilidad\/download\/vision-sobre-la-ley-general-de-economia-circular\/'>VISIO\u0301N SOBRE LA LEY GENERAL DE ECONOMI\u0301A CIRCULAR<\/a><br\/><span class='__dt_file_count small-txt'>1<\/span><span class='__dt_download_count small-txt'><i class=\"far fa-arrow-alt-circle-down\"><\/i> 13 descargas<\/span><div class=\"hidden-md hidden-lg td-mobile\"><\/div>\n\n                        <\/td>\n                                                <td  class=\"__dt_col_1 __dt_col __dt_col_categories\" >\n                            <span class='__dt_categories '><a class='sbyc' href='https:\/\/cristinacortinas.org\/sustentabilidad\/residuos\/?tax%5Bwpdmcategory%5D=economia-circular'>Econom\u00eda Circular<\/a><\/span>\n\n                        <\/td>\n                                                <td  data-order=\"1777248000\"  class=\"__dt_col_2 __dt_col __dt_col_update_date\" >\n                            <span class='__dt_update_date '>27 abril, 2026<\/span>\n\n                        <\/td>\n                                                <td  class=\"__dt_col_3 __dt_col __dt_col_download_link\" >\n                            <a class='wpdm-download-link download-on-click btn btn-info ' rel='nofollow' href='#' data-downloadurl=\"https:\/\/cristinacortinas.org\/sustentabilidad\/download\/vision-sobre-la-ley-general-de-economia-circular\/?wpdmdl=9985&refresh=69f1999c5c7a11777441180\">Descargar<\/a>\n\n                        <\/td>\n                        \n                    <\/tr>\n                \n                    <tr class=\"__dt_row\">\n                                                <td  class=\"__dt_col_0 __dt_col __dt_col_page_link\" style=\"background-image: url('https:\/\/cristinacortinas.org\/sustentabilidad\/wp-content\/plugins\/download-manager\/assets\/file-type-icons\/pdf.png');background-size: 36px;background-position: 5px 8px;background-repeat:  no-repeat;padding-left: 52px;line-height: normal;\">\n                            <a class=\"package-title\" href='https:\/\/cristinacortinas.org\/sustentabilidad\/download\/economia-circular-y-educacion\/'>Economi\u0301a circular y educacio\u0301n<\/a><br\/><span class='__dt_file_count small-txt'>1<\/span><span class='__dt_download_count small-txt'><i class=\"far fa-arrow-alt-circle-down\"><\/i> 38 descargas<\/span><div class=\"hidden-md hidden-lg td-mobile\"><\/div>\n\n                        <\/td>\n                                                <td  class=\"__dt_col_1 __dt_col __dt_col_categories\" >\n                            <span class='__dt_categories '><a class='sbyc' href='https:\/\/cristinacortinas.org\/sustentabilidad\/residuos\/?tax%5Bwpdmcategory%5D=economia-circular'>Econom\u00eda Circular<\/a><\/span>\n\n                        <\/td>\n                                                <td  data-order=\"1776902400\"  class=\"__dt_col_2 __dt_col __dt_col_update_date\" >\n                            <span class='__dt_update_date '>23 abril, 2026<\/span>\n\n                        <\/td>\n                                                <td  class=\"__dt_col_3 __dt_col __dt_col_download_link\" >\n                            <a class='wpdm-download-link download-on-click btn btn-info ' rel='nofollow' href='#' data-downloadurl=\"https:\/\/cristinacortinas.org\/sustentabilidad\/download\/economia-circular-y-educacion\/?wpdmdl=9980&refresh=69f1999c604311777441180\">Descargar<\/a>\n\n                        <\/td>\n                        \n                    <\/tr>\n                \n                    <tr class=\"__dt_row\">\n                                                <td  class=\"__dt_col_0 __dt_col __dt_col_page_link\" style=\"background-image: url('https:\/\/cristinacortinas.org\/sustentabilidad\/wp-content\/plugins\/download-manager\/assets\/file-type-icons\/pdf.png');background-size: 36px;background-position: 5px 8px;background-repeat:  no-repeat;padding-left: 52px;line-height: normal;\">\n                            <a class=\"package-title\" href='https:\/\/cristinacortinas.org\/sustentabilidad\/download\/plan-de-accion-para-la-circularidad-con-calidad\/'>Plan de Accio\u0301n para la Circularidad con Calidad<\/a><br\/><span class='__dt_file_count small-txt'>1<\/span><span class='__dt_download_count small-txt'><i class=\"far fa-arrow-alt-circle-down\"><\/i> 60 descargas<\/span><div class=\"hidden-md hidden-lg td-mobile\"><\/div>\n\n                        <\/td>\n                                                <td  class=\"__dt_col_1 __dt_col __dt_col_categories\" >\n                            <span class='__dt_categories '><a class='sbyc' href='https:\/\/cristinacortinas.org\/sustentabilidad\/residuos\/?tax%5Bwpdmcategory%5D=economia-circular'>Econom\u00eda Circular<\/a><\/span>\n\n                        <\/td>\n                                                <td  data-order=\"1776729600\"  class=\"__dt_col_2 __dt_col __dt_col_update_date\" >\n                            <span class='__dt_update_date '>21 abril, 2026<\/span>\n\n                        <\/td>\n                                                <td  class=\"__dt_col_3 __dt_col __dt_col_download_link\" >\n                            <a class='wpdm-download-link download-on-click btn btn-info ' rel='nofollow' href='#' data-downloadurl=\"https:\/\/cristinacortinas.org\/sustentabilidad\/download\/plan-de-accion-para-la-circularidad-con-calidad\/?wpdmdl=9976&refresh=69f1999c6400d1777441180\">Descargar<\/a>\n\n                        <\/td>\n                        \n                    <\/tr>\n                \n                    <tr class=\"__dt_row\">\n                                                <td  class=\"__dt_col_0 __dt_col __dt_col_page_link\" style=\"background-image: url('https:\/\/cristinacortinas.org\/sustentabilidad\/wp-content\/plugins\/download-manager\/assets\/file-type-icons\/pdf.png');background-size: 36px;background-position: 5px 8px;background-repeat:  no-repeat;padding-left: 52px;line-height: normal;\">\n                            <a class=\"package-title\" href='https:\/\/cristinacortinas.org\/sustentabilidad\/download\/la-autosostenibilidad-comunitaria-via-la-economia-circular\/'>La autosostenibilidad comunitaria vi\u0301a la economi\u0301a circular<\/a><br\/><span class='__dt_file_count small-txt'>1<\/span><span class='__dt_download_count small-txt'><i class=\"far fa-arrow-alt-circle-down\"><\/i> 49 descargas<\/span><div class=\"hidden-md hidden-lg td-mobile\"><\/div>\n\n                        <\/td>\n                                                <td  class=\"__dt_col_1 __dt_col __dt_col_categories\" >\n                            <span class='__dt_categories '><a class='sbyc' href='https:\/\/cristinacortinas.org\/sustentabilidad\/residuos\/?tax%5Bwpdmcategory%5D=economia-circular'>Econom\u00eda Circular<\/a><\/span>\n\n                        <\/td>\n                                                <td  data-order=\"1776729600\"  class=\"__dt_col_2 __dt_col __dt_col_update_date\" >\n                            <span class='__dt_update_date '>21 abril, 2026<\/span>\n\n                        <\/td>\n                                                <td  class=\"__dt_col_3 __dt_col __dt_col_download_link\" >\n                            <a class='wpdm-download-link download-on-click btn btn-info ' rel='nofollow' href='#' data-downloadurl=\"https:\/\/cristinacortinas.org\/sustentabilidad\/download\/la-autosostenibilidad-comunitaria-via-la-economia-circular\/?wpdmdl=9973&refresh=69f1999c67c271777441180\">Descargar<\/a>\n\n                        <\/td>\n                        \n                    <\/tr>\n                \n                    <tr class=\"__dt_row\">\n                                                <td  class=\"__dt_col_0 __dt_col __dt_col_page_link\" style=\"background-image: url('https:\/\/cristinacortinas.org\/sustentabilidad\/wp-content\/plugins\/download-manager\/assets\/file-type-icons\/pdf.png');background-size: 36px;background-position: 5px 8px;background-repeat:  no-repeat;padding-left: 52px;line-height: normal;\">\n                            <a class=\"package-title\" href='https:\/\/cristinacortinas.org\/sustentabilidad\/download\/1er-foro-de-gestion-sustentable-de-residuos-en-universidades-universidad-autonoma-de-guerrero\/'>1er Foro de Gesti\u00f3n Sustentable de Residuos en Universidades. Universidad Aut\u00f3noma de Guerrero<\/a><br\/><span class='__dt_file_count small-txt'>1<\/span><span class='__dt_download_count small-txt'><i class=\"far fa-arrow-alt-circle-down\"><\/i> 56 descargas<\/span><div class=\"hidden-md hidden-lg td-mobile\"><\/div>\n\n                        <\/td>\n                                                <td  class=\"__dt_col_1 __dt_col __dt_col_categories\" >\n                            <span class='__dt_categories '><a class='sbyc' href='https:\/\/cristinacortinas.org\/sustentabilidad\/residuos\/?tax%5Bwpdmcategory%5D=conferencias-residuos'>Conferencias<\/a>, <a class='sbyc' href='https:\/\/cristinacortinas.org\/sustentabilidad\/residuos\/?tax%5Bwpdmcategory%5D=residuos'>Residuos<\/a><\/span>\n\n                        <\/td>\n                                                <td  data-order=\"1776729600\"  class=\"__dt_col_2 __dt_col __dt_col_update_date\" >\n                            <span class='__dt_update_date '>21 abril, 2026<\/span>\n\n                        <\/td>\n                                                <td  class=\"__dt_col_3 __dt_col __dt_col_download_link\" >\n                            <a class='wpdm-download-link download-on-click btn btn-info ' rel='nofollow' href='#' data-downloadurl=\"https:\/\/cristinacortinas.org\/sustentabilidad\/download\/1er-foro-de-gestion-sustentable-de-residuos-en-universidades-universidad-autonoma-de-guerrero\/?wpdmdl=9971&refresh=69f1999c6b9031777441180\">Descargar<\/a>\n\n                        <\/td>\n                        \n                    <\/tr>\n                \n                    <tr class=\"__dt_row\">\n                                                <td  class=\"__dt_col_0 __dt_col __dt_col_page_link\" style=\"background-image: url('https:\/\/cristinacortinas.org\/sustentabilidad\/wp-content\/plugins\/download-manager\/assets\/file-type-icons\/pdf.png');background-size: 36px;background-position: 5px 8px;background-repeat:  no-repeat;padding-left: 52px;line-height: normal;\">\n                            <a class=\"package-title\" href='https:\/\/cristinacortinas.org\/sustentabilidad\/download\/dialogo-en-torno-a-la-autosustentabilidad-comunitaria-y-la-economia-circular\/'>Di\u00e1logo en torno a la autosustentabilidad comunitaria y la econom\u00eda circular<\/a><br\/><span class='__dt_file_count small-txt'>1<\/span><span class='__dt_download_count small-txt'><i class=\"far fa-arrow-alt-circle-down\"><\/i> 166 descargas<\/span><div class=\"hidden-md hidden-lg td-mobile\"><\/div>\n\n                        <\/td>\n                                                <td  class=\"__dt_col_1 __dt_col __dt_col_categories\" >\n                            <span class='__dt_categories '><a class='sbyc' href='https:\/\/cristinacortinas.org\/sustentabilidad\/residuos\/?tax%5Bwpdmcategory%5D=economia-circular'>Econom\u00eda Circular<\/a><\/span>\n\n                        <\/td>\n                                                <td  data-order=\"1775606400\"  class=\"__dt_col_2 __dt_col __dt_col_update_date\" >\n                            <span class='__dt_update_date '>8 abril, 2026<\/span>\n\n                        <\/td>\n                                                <td  class=\"__dt_col_3 __dt_col __dt_col_download_link\" >\n                            <a class='wpdm-download-link download-on-click btn btn-info ' rel='nofollow' href='#' data-downloadurl=\"https:\/\/cristinacortinas.org\/sustentabilidad\/download\/dialogo-en-torno-a-la-autosustentabilidad-comunitaria-y-la-economia-circular\/?wpdmdl=9950&refresh=69f1999c6f5721777441180\">Descargar<\/a>\n\n                        <\/td>\n                        \n                    <\/tr>\n                \n                    <tr class=\"__dt_row\">\n                                                <td  class=\"__dt_col_0 __dt_col __dt_col_page_link\" style=\"background-image: url('https:\/\/cristinacortinas.org\/sustentabilidad\/wp-content\/plugins\/download-manager\/assets\/file-type-icons\/pdf.png');background-size: 36px;background-position: 5px 8px;background-repeat:  no-repeat;padding-left: 52px;line-height: normal;\">\n                            <a class=\"package-title\" href='https:\/\/cristinacortinas.org\/sustentabilidad\/download\/lecciones-de-comunidades-autosostenibles-en-el-marco-de-una-economia-circular\/'>Lecciones de comunidades autosostenibles en el marco de una econom\u00eda circular<\/a><br\/><span class='__dt_file_count small-txt'>1<\/span><span class='__dt_download_count small-txt'><i class=\"far fa-arrow-alt-circle-down\"><\/i> 126 descargas<\/span><div class=\"hidden-md hidden-lg td-mobile\"><\/div>\n\n                        <\/td>\n                                                <td  class=\"__dt_col_1 __dt_col __dt_col_categories\" >\n                            <span class='__dt_categories '><a class='sbyc' href='https:\/\/cristinacortinas.org\/sustentabilidad\/residuos\/?tax%5Bwpdmcategory%5D=economia-circular'>Econom\u00eda Circular<\/a><\/span>\n\n                        <\/td>\n                                                <td  data-order=\"1775606400\"  class=\"__dt_col_2 __dt_col __dt_col_update_date\" >\n                            <span class='__dt_update_date '>8 abril, 2026<\/span>\n\n                        <\/td>\n                                                <td  class=\"__dt_col_3 __dt_col __dt_col_download_link\" >\n                            <a class='wpdm-download-link download-on-click btn btn-info ' rel='nofollow' href='#' data-downloadurl=\"https:\/\/cristinacortinas.org\/sustentabilidad\/download\/lecciones-de-comunidades-autosostenibles-en-el-marco-de-una-economia-circular\/?wpdmdl=9946&refresh=69f1999c732a71777441180\">Descargar<\/a>\n\n                        <\/td>\n                        \n                    <\/tr>\n                \n                    <tr class=\"__dt_row\">\n                                                <td  class=\"__dt_col_0 __dt_col __dt_col_page_link\" style=\"background-image: url('https:\/\/cristinacortinas.org\/sustentabilidad\/wp-content\/plugins\/download-manager\/assets\/file-type-icons\/pdf.png');background-size: 36px;background-position: 5px 8px;background-repeat:  no-repeat;padding-left: 52px;line-height: normal;\">\n                            <a class=\"package-title\" href='https:\/\/cristinacortinas.org\/sustentabilidad\/download\/boletin-amia-num-95-ley-general-de-economia-circular\/'>Bolet\u00edn-AMIA-Num. 95 Ley General de Economi\u0301a Circular<\/a><br\/><span class='__dt_file_count small-txt'>1<\/span><span class='__dt_download_count small-txt'><i class=\"far fa-arrow-alt-circle-down\"><\/i> 103 descargas<\/span><div class=\"hidden-md hidden-lg td-mobile\"><\/div>\n\n                        <\/td>\n                                                <td  class=\"__dt_col_1 __dt_col __dt_col_categories\" >\n                            <span class='__dt_categories '><a class='sbyc' href='https:\/\/cristinacortinas.org\/sustentabilidad\/residuos\/?tax%5Bwpdmcategory%5D=economia-circular'>Econom\u00eda Circular<\/a><\/span>\n\n                        <\/td>\n                                                <td  data-order=\"1775606400\"  class=\"__dt_col_2 __dt_col __dt_col_update_date\" >\n                            <span class='__dt_update_date '>8 abril, 2026<\/span>\n\n                        <\/td>\n                                                <td  class=\"__dt_col_3 __dt_col __dt_col_download_link\" >\n                            <a class='wpdm-download-link download-on-click btn btn-info ' rel='nofollow' href='#' data-downloadurl=\"https:\/\/cristinacortinas.org\/sustentabilidad\/download\/boletin-amia-num-95-ley-general-de-economia-circular\/?wpdmdl=9943&refresh=69f1999c76e2c1777441180\">Descargar<\/a>\n\n                        <\/td>\n                        \n                    <\/tr>\n                \n                    <tr class=\"__dt_row\">\n                                                <td  class=\"__dt_col_0 __dt_col __dt_col_page_link\" style=\"background-image: url('https:\/\/cristinacortinas.org\/sustentabilidad\/wp-content\/plugins\/download-manager\/assets\/file-type-icons\/pdf.png');background-size: 36px;background-position: 5px 8px;background-repeat:  no-repeat;padding-left: 52px;line-height: normal;\">\n                            <a class=\"package-title\" href='https:\/\/cristinacortinas.org\/sustentabilidad\/download\/mexico-referente-de-economia-circular-comunitaria-autosustentable\/'>Me\u0301xico Referente de Economi\u0301a Circular Comunitaria Autosustentable<\/a><br\/><span class='__dt_file_count small-txt'>1<\/span><span class='__dt_download_count small-txt'><i class=\"far fa-arrow-alt-circle-down\"><\/i> 315 descargas<\/span><div class=\"hidden-md hidden-lg td-mobile\"><\/div>\n\n                        <\/td>\n                                                <td  class=\"__dt_col_1 __dt_col __dt_col_categories\" >\n                            <span class='__dt_categories '><a class='sbyc' href='https:\/\/cristinacortinas.org\/sustentabilidad\/residuos\/?tax%5Bwpdmcategory%5D=economia-circular'>Econom\u00eda Circular<\/a><\/span>\n\n                        <\/td>\n                                                <td  data-order=\"1773792000\"  class=\"__dt_col_2 __dt_col __dt_col_update_date\" >\n                            <span class='__dt_update_date '>18 marzo, 2026<\/span>\n\n                        <\/td>\n                                                <td  class=\"__dt_col_3 __dt_col __dt_col_download_link\" >\n                            <a class='wpdm-download-link download-on-click btn btn-info ' rel='nofollow' href='#' data-downloadurl=\"https:\/\/cristinacortinas.org\/sustentabilidad\/download\/mexico-referente-de-economia-circular-comunitaria-autosustentable\/?wpdmdl=9935&refresh=69f1999c7aa211777441180\">Descargar<\/a>\n\n                        <\/td>\n                        \n                    <\/tr>\n                \n                    <tr class=\"__dt_row\">\n                                                <td  class=\"__dt_col_0 __dt_col __dt_col_page_link\" style=\"background-image: url('https:\/\/cristinacortinas.org\/sustentabilidad\/wp-content\/plugins\/download-manager\/assets\/file-type-icons\/pdf.png');background-size: 36px;background-position: 5px 8px;background-repeat:  no-repeat;padding-left: 52px;line-height: normal;\">\n                            <a class=\"package-title\" href='https:\/\/cristinacortinas.org\/sustentabilidad\/download\/invitacion-a-impulsar-la-autosustentabilidad-comunitaria\/'>INVITACI\u00d3N A IMPULSAR LA AUTOSUSTENTABILIDAD COMUNITARIA<\/a><br\/><span class='__dt_file_count small-txt'>1<\/span><span class='__dt_download_count small-txt'><i class=\"far fa-arrow-alt-circle-down\"><\/i> 355 descargas<\/span><div class=\"hidden-md hidden-lg td-mobile\"><\/div>\n\n                        <\/td>\n                                                <td  class=\"__dt_col_1 __dt_col __dt_col_categories\" >\n                            <span class='__dt_categories '><a class='sbyc' href='https:\/\/cristinacortinas.org\/sustentabilidad\/residuos\/?tax%5Bwpdmcategory%5D=sustentabilidad'>Sustentabilidad<\/a><\/span>\n\n                        <\/td>\n                                                <td  data-order=\"1773187200\"  class=\"__dt_col_2 __dt_col __dt_col_update_date\" >\n                            <span class='__dt_update_date '>11 marzo, 2026<\/span>\n\n                        <\/td>\n                                                <td  class=\"__dt_col_3 __dt_col __dt_col_download_link\" >\n                            <a class='wpdm-download-link download-on-click btn btn-info ' rel='nofollow' href='#' data-downloadurl=\"https:\/\/cristinacortinas.org\/sustentabilidad\/download\/invitacion-a-impulsar-la-autosustentabilidad-comunitaria\/?wpdmdl=9929&refresh=69f1999c7f1b51777441180\">Descargar<\/a>\n\n                        <\/td>\n                        \n                    <\/tr>\n                \n                    <tr class=\"__dt_row\">\n                                                <td  class=\"__dt_col_0 __dt_col __dt_col_page_link\" style=\"background-image: url('https:\/\/cristinacortinas.org\/sustentabilidad\/wp-content\/plugins\/download-manager\/assets\/file-type-icons\/pdf.png');background-size: 36px;background-position: 5px 8px;background-repeat:  no-repeat;padding-left: 52px;line-height: normal;\">\n                            <a class=\"package-title\" href='https:\/\/cristinacortinas.org\/sustentabilidad\/download\/charla-virtual-entre-mujeres-el-dia-inernacional-de-la-mujer\/'>Charla virtual entre mujeres el di\u0301a inernacional de la mujer<\/a><br\/><span class='__dt_file_count small-txt'>1<\/span><span class='__dt_download_count small-txt'><i class=\"far fa-arrow-alt-circle-down\"><\/i> 280 descargas<\/span><div class=\"hidden-md hidden-lg td-mobile\"><\/div>\n\n                        <\/td>\n                                                <td  class=\"__dt_col_1 __dt_col __dt_col_categories\" >\n                            <span class='__dt_categories '><\/span>\n\n                        <\/td>\n                                                <td  data-order=\"1772755200\"  class=\"__dt_col_2 __dt_col __dt_col_update_date\" >\n                            <span class='__dt_update_date '>6 marzo, 2026<\/span>\n\n                        <\/td>\n                                                <td  class=\"__dt_col_3 __dt_col __dt_col_download_link\" >\n                            <a class='wpdm-download-link download-on-click btn btn-info ' rel='nofollow' href='#' data-downloadurl=\"https:\/\/cristinacortinas.org\/sustentabilidad\/download\/charla-virtual-entre-mujeres-el-dia-inernacional-de-la-mujer\/?wpdmdl=9922&refresh=69f1999c84d7f1777441180\">Descargar<\/a>\n\n                        <\/td>\n                        \n                    <\/tr>\n                \n                    <tr class=\"__dt_row\">\n                                                <td  class=\"__dt_col_0 __dt_col __dt_col_page_link\" style=\"background-image: url('https:\/\/cristinacortinas.org\/sustentabilidad\/wp-content\/plugins\/download-manager\/assets\/file-type-icons\/docx.png');background-size: 36px;background-position: 5px 8px;background-repeat:  no-repeat;padding-left: 52px;line-height: normal;\">\n                            <a class=\"package-title\" href='https:\/\/cristinacortinas.org\/sustentabilidad\/download\/aclaracion-de-dudas-acerca-de-metas-de-valorizacion-citadas-en-presentacion-de-alejandro-pages-en-el-webinar-sobre-la-ley-general-de-economia-circular\/'>Aclaraci\u00f3n de dudas acerca de metas de valorizaci\u00f3n citadas en presentaci\u00f3n de Alejandro Pag\u00e9s en el webinar sobre la Ley General de Econom\u00eda Circular:<\/a><br\/><span class='__dt_file_count small-txt'>1<\/span><span class='__dt_download_count small-txt'><i class=\"far fa-arrow-alt-circle-down\"><\/i> 0 descarga<\/span><div class=\"hidden-md hidden-lg td-mobile\"><\/div>\n\n                        <\/td>\n                                                <td  class=\"__dt_col_1 __dt_col __dt_col_categories\" >\n                            <span class='__dt_categories '><a class='sbyc' href='https:\/\/cristinacortinas.org\/sustentabilidad\/residuos\/?tax%5Bwpdmcategory%5D=economia-circular'>Econom\u00eda Circular<\/a><\/span>\n\n                        <\/td>\n                                                <td  data-order=\"1772755200\"  class=\"__dt_col_2 __dt_col __dt_col_update_date\" >\n                            <span class='__dt_update_date '>6 marzo, 2026<\/span>\n\n                        <\/td>\n                                                <td  class=\"__dt_col_3 __dt_col __dt_col_download_link\" >\n                            <a class='wpdm-download-link download-on-click btn btn-info ' rel='nofollow' href='#' data-downloadurl=\"https:\/\/cristinacortinas.org\/sustentabilidad\/download\/aclaracion-de-dudas-acerca-de-metas-de-valorizacion-citadas-en-presentacion-de-alejandro-pages-en-el-webinar-sobre-la-ley-general-de-economia-circular\/?wpdmdl=9916&refresh=69f1999c894521777441180\">Descargar<\/a>\n\n                        <\/td>\n                        \n                    <\/tr>\n                \n                    <tr class=\"__dt_row\">\n                                                <td  class=\"__dt_col_0 __dt_col __dt_col_page_link\" style=\"background-image: url('https:\/\/cristinacortinas.org\/sustentabilidad\/wp-content\/plugins\/download-manager\/assets\/file-type-icons\/pdf.png');background-size: 36px;background-position: 5px 8px;background-repeat:  no-repeat;padding-left: 52px;line-height: normal;\">\n                            <a class=\"package-title\" href='https:\/\/cristinacortinas.org\/sustentabilidad\/download\/disen%cc%83o-de-modelos-de-ec-y-talento-humano-local-y-regional\/'>Disen\u0303o de modelos de EC y talento humano local y regional<\/a><br\/><span class='__dt_file_count small-txt'>1<\/span><span class='__dt_download_count small-txt'><i class=\"far fa-arrow-alt-circle-down\"><\/i> 287 descargas<\/span><div class=\"hidden-md hidden-lg td-mobile\"><\/div>\n\n                        <\/td>\n                                                <td  class=\"__dt_col_1 __dt_col __dt_col_categories\" >\n                            <span class='__dt_categories '><a class='sbyc' href='https:\/\/cristinacortinas.org\/sustentabilidad\/residuos\/?tax%5Bwpdmcategory%5D=economia-circular'>Econom\u00eda Circular<\/a><\/span>\n\n                        <\/td>\n                                                <td  data-order=\"1772755200\"  class=\"__dt_col_2 __dt_col __dt_col_update_date\" >\n                            <span class='__dt_update_date '>6 marzo, 2026<\/span>\n\n                        <\/td>\n                                                <td  class=\"__dt_col_3 __dt_col __dt_col_download_link\" >\n                            <a class='wpdm-download-link download-on-click btn btn-info ' rel='nofollow' href='#' data-downloadurl=\"https:\/\/cristinacortinas.org\/sustentabilidad\/download\/disen%cc%83o-de-modelos-de-ec-y-talento-humano-local-y-regional\/?wpdmdl=9913&refresh=69f1999c8d8ec1777441180\">Descargar<\/a>\n\n                        <\/td>\n                        \n                    <\/tr>\n                \n                    <tr class=\"__dt_row\">\n                                                <td  class=\"__dt_col_0 __dt_col __dt_col_page_link\" style=\"background-image: url('https:\/\/cristinacortinas.org\/sustentabilidad\/wp-content\/plugins\/download-manager\/assets\/file-type-icons\/docx.png');background-size: 36px;background-position: 5px 8px;background-repeat:  no-repeat;padding-left: 52px;line-height: normal;\">\n                            <a class=\"package-title\" href='https:\/\/cristinacortinas.org\/sustentabilidad\/download\/reflexiones-compartidas-con-la-intencion-de-que-se-vean-reflejadas-en-el-reglamento-de-la-ley-general-de-economia-circular\/'>REFLEXIONES COMPARTIDAS CON LA INTENCI\u00d3N DE QUE SE VEAN REFLEJADAS EN EL REGLAMENTO DE LA LEY GENERAL DE ECONOM\u00cdA CIRCULAR<\/a><br\/><span class='__dt_file_count small-txt'>1<\/span><span class='__dt_download_count small-txt'><i class=\"far fa-arrow-alt-circle-down\"><\/i> 3 descargas<\/span><div class=\"hidden-md hidden-lg td-mobile\"><\/div>\n\n                        <\/td>\n                                                <td  class=\"__dt_col_1 __dt_col __dt_col_categories\" >\n                            <span class='__dt_categories '><a class='sbyc' href='https:\/\/cristinacortinas.org\/sustentabilidad\/residuos\/?tax%5Bwpdmcategory%5D=economia-circular'>Econom\u00eda Circular<\/a><\/span>\n\n                        <\/td>\n                                                <td  data-order=\"1771200000\"  class=\"__dt_col_2 __dt_col __dt_col_update_date\" >\n                            <span class='__dt_update_date '>16 febrero, 2026<\/span>\n\n                        <\/td>\n                                                <td  class=\"__dt_col_3 __dt_col __dt_col_download_link\" >\n                            <a class='wpdm-download-link download-on-click btn btn-info ' rel='nofollow' href='#' data-downloadurl=\"https:\/\/cristinacortinas.org\/sustentabilidad\/download\/reflexiones-compartidas-con-la-intencion-de-que-se-vean-reflejadas-en-el-reglamento-de-la-ley-general-de-economia-circular\/?wpdmdl=9906&refresh=69f1999c9166d1777441180\">Descargar<\/a>\n\n                        <\/td>\n                        \n                    <\/tr>\n                \n                    <tr class=\"__dt_row\">\n                                                <td  class=\"__dt_col_0 __dt_col __dt_col_page_link\" style=\"background-image: url('https:\/\/cristinacortinas.org\/sustentabilidad\/wp-content\/plugins\/download-manager\/assets\/file-type-icons\/pdf.png');background-size: 36px;background-position: 5px 8px;background-repeat:  no-repeat;padding-left: 52px;line-height: normal;\">\n                            <a class=\"package-title\" href='https:\/\/cristinacortinas.org\/sustentabilidad\/download\/contribucion-al-dialogo-en-torno-a-la-ley-general-de-economia-circular\/'>CONTRIBUCI\u00d3N AL DI\u00c1LOGO EN TORNO A LA LEY GENERAL DE ECONOM\u00cdA CIRCULAR<\/a><br\/><span class='__dt_file_count small-txt'>1<\/span><span class='__dt_download_count small-txt'><i class=\"far fa-arrow-alt-circle-down\"><\/i> 240 descargas<\/span><div class=\"hidden-md hidden-lg td-mobile\"><\/div>\n\n                        <\/td>\n                                                <td  class=\"__dt_col_1 __dt_col __dt_col_categories\" >\n                            <span class='__dt_categories '><a class='sbyc' href='https:\/\/cristinacortinas.org\/sustentabilidad\/residuos\/?tax%5Bwpdmcategory%5D=economia-circular'>Econom\u00eda Circular<\/a><\/span>\n\n                        <\/td>\n                                                <td  data-order=\"1771200000\"  class=\"__dt_col_2 __dt_col __dt_col_update_date\" >\n                            <span class='__dt_update_date '>16 febrero, 2026<\/span>\n\n                        <\/td>\n                                                <td  class=\"__dt_col_3 __dt_col __dt_col_download_link\" >\n                            <a class='wpdm-download-link download-on-click btn btn-info ' rel='nofollow' href='#' data-downloadurl=\"https:\/\/cristinacortinas.org\/sustentabilidad\/download\/contribucion-al-dialogo-en-torno-a-la-ley-general-de-economia-circular\/?wpdmdl=9903&refresh=69f1999c954ba1777441180\">Descargar<\/a>\n\n                        <\/td>\n                        \n                    <\/tr>\n                \n                    <tr class=\"__dt_row\">\n                                                <td  class=\"__dt_col_0 __dt_col __dt_col_page_link\" style=\"background-image: url('https:\/\/cristinacortinas.org\/sustentabilidad\/wp-content\/plugins\/download-manager\/assets\/file-type-icons\/pdf.png');background-size: 36px;background-position: 5px 8px;background-repeat:  no-repeat;padding-left: 52px;line-height: normal;\">\n                            <a class=\"package-title\" href='https:\/\/cristinacortinas.org\/sustentabilidad\/download\/interes-en-dialogar-acerca-de-la-posibilidad-de-contribuir-a-construir-el-reglamento-de-la-ley-general-de-economia-circular\/'>INTER\u00c9S EN DIALOGAR ACERCA DE LA POSIBILIDAD DE CONTRIBUIR A CONSTRUIR EL REGLAMENTO DE LA LEY GENERAL DE ECONOM\u00cdA CIRCULAR<\/a><br\/><span class='__dt_file_count small-txt'>1<\/span><span class='__dt_download_count small-txt'><i class=\"far fa-arrow-alt-circle-down\"><\/i> 5 descargas<\/span><div class=\"hidden-md hidden-lg td-mobile\"><\/div>\n\n                        <\/td>\n                                                <td  class=\"__dt_col_1 __dt_col __dt_col_categories\" >\n                            <span class='__dt_categories '><a class='sbyc' href='https:\/\/cristinacortinas.org\/sustentabilidad\/residuos\/?tax%5Bwpdmcategory%5D=economia-circular'>Econom\u00eda Circular<\/a><\/span>\n\n                        <\/td>\n                                                <td  data-order=\"1771200000\"  class=\"__dt_col_2 __dt_col __dt_col_update_date\" >\n                            <span class='__dt_update_date '>16 febrero, 2026<\/span>\n\n                        <\/td>\n                                                <td  class=\"__dt_col_3 __dt_col __dt_col_download_link\" >\n                            <a class='wpdm-download-link download-on-click btn btn-info ' rel='nofollow' href='#' data-downloadurl=\"https:\/\/cristinacortinas.org\/sustentabilidad\/download\/interes-en-dialogar-acerca-de-la-posibilidad-de-contribuir-a-construir-el-reglamento-de-la-ley-general-de-economia-circular\/?wpdmdl=9900&refresh=69f1999c992ed1777441180\">Descargar<\/a>\n\n                        <\/td>\n                        \n                    <\/tr>\n                \n                    <tr class=\"__dt_row\">\n                                                <td  class=\"__dt_col_0 __dt_col __dt_col_page_link\" style=\"background-image: url('https:\/\/cristinacortinas.org\/sustentabilidad\/wp-content\/plugins\/download-manager\/assets\/file-type-icons\/pdf.png');background-size: 36px;background-position: 5px 8px;background-repeat:  no-repeat;padding-left: 52px;line-height: normal;\">\n                            <a class=\"package-title\" href='https:\/\/cristinacortinas.org\/sustentabilidad\/download\/estrategias-de-manejo-integrado-de-los-recursos-para-un-buen-vivir\/'>Estrategias de manejo integrado de los recursos para un buen vivir<\/a><br\/><span class='__dt_file_count small-txt'>1<\/span><span class='__dt_download_count small-txt'><i class=\"far fa-arrow-alt-circle-down\"><\/i> 185 descargas<\/span><div class=\"hidden-md hidden-lg td-mobile\"><\/div>\n\n                        <\/td>\n                                                <td  class=\"__dt_col_1 __dt_col __dt_col_categories\" >\n                            <span class='__dt_categories '><a class='sbyc' href='https:\/\/cristinacortinas.org\/sustentabilidad\/residuos\/?tax%5Bwpdmcategory%5D=cambio-climatico'>Cambio Clim\u00e1tico<\/a><\/span>\n\n                        <\/td>\n                                                <td  data-order=\"1771200000\"  class=\"__dt_col_2 __dt_col __dt_col_update_date\" >\n                            <span class='__dt_update_date '>16 febrero, 2026<\/span>\n\n                        <\/td>\n                                                <td  class=\"__dt_col_3 __dt_col __dt_col_download_link\" >\n                            <a class='wpdm-download-link download-on-click btn btn-info ' rel='nofollow' href='#' data-downloadurl=\"https:\/\/cristinacortinas.org\/sustentabilidad\/download\/estrategias-de-manejo-integrado-de-los-recursos-para-un-buen-vivir\/?wpdmdl=9893&refresh=69f1999c9d34f1777441180\">Descargar<\/a>\n\n                        <\/td>\n                        \n                    <\/tr>\n                \n                    <tr class=\"__dt_row\">\n                                                <td  class=\"__dt_col_0 __dt_col __dt_col_page_link\" style=\"background-image: url('https:\/\/cristinacortinas.org\/sustentabilidad\/wp-content\/plugins\/download-manager\/assets\/file-type-icons\/docx.png');background-size: 36px;background-position: 5px 8px;background-repeat:  no-repeat;padding-left: 52px;line-height: normal;\">\n                            <a class=\"package-title\" href='https:\/\/cristinacortinas.org\/sustentabilidad\/download\/comparto-propuestas-tecnicas-para-reglamentar-la-remanufactura-reparacion-y-extension-de-vida-util-de-productos-de-consumo-en-el-marco-de-la-ley-general-de-economia-circular-invitandoles-a-opinar-al\/'>Comparto propuestas t\u00e9cnicas para reglamentar la remanufactura, reparaci\u00f3n y extensi\u00f3n de vida \u00fatil de productos de consumo en el marco de la Ley General de Econom\u00eda Circular, invit\u00e1ndoles a opinar al respecto y difundirlas<\/a><br\/><span class='__dt_file_count small-txt'>1<\/span><span class='__dt_download_count small-txt'><i class=\"far fa-arrow-alt-circle-down\"><\/i> 2 descargas<\/span><div class=\"hidden-md hidden-lg td-mobile\"><\/div>\n\n                        <\/td>\n                                                <td  class=\"__dt_col_1 __dt_col __dt_col_categories\" >\n                            <span class='__dt_categories '><a class='sbyc' href='https:\/\/cristinacortinas.org\/sustentabilidad\/residuos\/?tax%5Bwpdmcategory%5D=economia-circular'>Econom\u00eda Circular<\/a><\/span>\n\n                        <\/td>\n                                                <td  data-order=\"1771200000\"  class=\"__dt_col_2 __dt_col __dt_col_update_date\" >\n                            <span class='__dt_update_date '>16 febrero, 2026<\/span>\n\n                        <\/td>\n                                                <td  class=\"__dt_col_3 __dt_col __dt_col_download_link\" >\n                            <a class='wpdm-download-link download-on-click btn btn-info ' rel='nofollow' href='#' data-downloadurl=\"https:\/\/cristinacortinas.org\/sustentabilidad\/download\/comparto-propuestas-tecnicas-para-reglamentar-la-remanufactura-reparacion-y-extension-de-vida-util-de-productos-de-consumo-en-el-marco-de-la-ley-general-de-economia-circular-invitandoles-a-opinar-al\/?wpdmdl=9889&refresh=69f1999ca11c21777441180\">Descargar<\/a>\n\n                        <\/td>\n                        \n                    <\/tr>\n                                        <\/tbody>\n        <\/table>\n\n        <div class='text-center'><ul class='pagination wpdm-pagination pagination-centered text-center'><li><span aria-current=\"page\" class=\"page-numbers current\">1<\/span><\/li><li><a class=\"page-numbers\" href=\"https:\/\/cristinacortinas.org\/sustentabilidad\/wp-json\/wp\/v2\/pages\/8858\/?cp=2\">2<\/a><\/li><li><a class=\"page-numbers\" href=\"https:\/\/cristinacortinas.org\/sustentabilidad\/wp-json\/wp\/v2\/pages\/8858\/?cp=3\">3<\/a><\/li><li><span class=\"page-numbers dots\">&hellip;<\/span><\/li><li><a class=\"page-numbers\" href=\"https:\/\/cristinacortinas.org\/sustentabilidad\/wp-json\/wp\/v2\/pages\/8858\/?cp=63\">63<\/a><\/li><li><a class=\"page-numbers\" href=\"https:\/\/cristinacortinas.org\/sustentabilidad\/wp-json\/wp\/v2\/pages\/8858\/?cp=64\">64<\/a><\/li><li><a class=\"next page-numbers\" href=\"https:\/\/cristinacortinas.org\/sustentabilidad\/wp-json\/wp\/v2\/pages\/8858\/?cp=2\">Siguiente<\/a><\/li><\/ul><\/div>\n    <\/div>\n<\/div>\n\n","protected":false},"excerpt":{"rendered":"<p>Se proporciona informaci\u00f3n sobre las medidas regulatorias y de otra \u00edndole tendientes a evitar la generaci\u00f3n y a maximizar la valorizaci\u00f3n de residuos s\u00f3lidos urbanos, de manejo especial y peligrosos en M\u00e9xico y el mundo.<\/p>\n","protected":false},"author":1,"featured_media":0,"parent":0,"menu_order":0,"comment_status":"closed","ping_status":"closed","template":"page-fullwidth.php","meta":{"footnotes":""},"class_list":["post-8858","page","type-page","status-publish","hentry"],"yoast_head":"<!-- This site is optimized with the Yoast SEO plugin v27.4 - https:\/\/yoast.com\/product\/yoast-seo-wordpress\/ -->\n<title>Residuos - Dra. Ma. Cristina Cortinas Dur\u00e1n<\/title>\n<meta name=\"description\" content=\"Se proporciona informaci\u00f3n sobre las medidas regulatorias y de otra \u00edndole tendientes a evitar la generaci\u00f3n y a maximizar la valorizaci\u00f3n de residuos s\u00f3lidos urbanos, de manejo especial y peligrosos en M\u00e9xico y el mundo.\" \/>\n<meta name=\"robots\" content=\"index, follow, max-snippet:-1, max-image-preview:large, max-video-preview:-1\" \/>\n<link rel=\"canonical\" href=\"https:\/\/cristinacortinas.org\/sustentabilidad\/residuos\/\" \/>\n<meta property=\"og:locale\" content=\"es_ES\" \/>\n<meta property=\"og:type\" content=\"article\" \/>\n<meta property=\"og:title\" content=\"Residuos - Dra. Ma. Cristina Cortinas Dur\u00e1n\" \/>\n<meta property=\"og:description\" content=\"Se proporciona informaci\u00f3n sobre las medidas regulatorias y de otra \u00edndole tendientes a evitar la generaci\u00f3n y a maximizar la valorizaci\u00f3n de residuos s\u00f3lidos urbanos, de manejo especial y peligrosos en M\u00e9xico y el mundo.\" \/>\n<meta property=\"og:url\" content=\"https:\/\/cristinacortinas.org\/sustentabilidad\/residuos\/\" \/>\n<meta property=\"og:site_name\" content=\"Dra. Ma. Cristina Cortinas Dur\u00e1n\" \/>\n<meta property=\"article:publisher\" content=\"https:\/\/www.facebook.com\/cristinacortinasduran\/\" \/>\n<meta property=\"article:modified_time\" content=\"2023-05-09T15:03:56+00:00\" \/>\n<meta name=\"twitter:card\" content=\"summary_large_image\" \/>\n<meta name=\"twitter:site\" content=\"@DraCrisCortinas\" \/>\n<script type=\"application\/ld+json\" class=\"yoast-schema-graph\">{\"@context\":\"https:\\\/\\\/schema.org\",\"@graph\":[{\"@type\":\"WebPage\",\"@id\":\"https:\\\/\\\/cristinacortinas.org\\\/sustentabilidad\\\/residuos\\\/\",\"url\":\"https:\\\/\\\/cristinacortinas.org\\\/sustentabilidad\\\/residuos\\\/\",\"name\":\"Residuos - Dra. Ma. Cristina Cortinas Dur\u00e1n\",\"isPartOf\":{\"@id\":\"https:\\\/\\\/cristinacortinas.org\\\/sustentabilidad\\\/#website\"},\"datePublished\":\"2023-05-09T14:54:52+00:00\",\"dateModified\":\"2023-05-09T15:03:56+00:00\",\"description\":\"Se proporciona informaci\u00f3n sobre las medidas regulatorias y de otra \u00edndole tendientes a evitar la generaci\u00f3n y a maximizar la valorizaci\u00f3n de residuos s\u00f3lidos urbanos, de manejo especial y peligrosos en M\u00e9xico y el mundo.\",\"breadcrumb\":{\"@id\":\"https:\\\/\\\/cristinacortinas.org\\\/sustentabilidad\\\/residuos\\\/#breadcrumb\"},\"inLanguage\":\"es\",\"potentialAction\":[{\"@type\":\"ReadAction\",\"target\":[\"https:\\\/\\\/cristinacortinas.org\\\/sustentabilidad\\\/residuos\\\/\"]}]},{\"@type\":\"BreadcrumbList\",\"@id\":\"https:\\\/\\\/cristinacortinas.org\\\/sustentabilidad\\\/residuos\\\/#breadcrumb\",\"itemListElement\":[{\"@type\":\"ListItem\",\"position\":1,\"name\":\"Portada\",\"item\":\"https:\\\/\\\/cristinacortinas.org\\\/sustentabilidad\\\/\"},{\"@type\":\"ListItem\",\"position\":2,\"name\":\"Residuos\"}]},{\"@type\":\"WebSite\",\"@id\":\"https:\\\/\\\/cristinacortinas.org\\\/sustentabilidad\\\/#website\",\"url\":\"https:\\\/\\\/cristinacortinas.org\\\/sustentabilidad\\\/\",\"name\":\"Dra. Ma. Cristina Cortinas Dur\u00e1n\",\"description\":\"\",\"potentialAction\":[{\"@type\":\"SearchAction\",\"target\":{\"@type\":\"EntryPoint\",\"urlTemplate\":\"https:\\\/\\\/cristinacortinas.org\\\/sustentabilidad\\\/?s={search_term_string}\"},\"query-input\":{\"@type\":\"PropertyValueSpecification\",\"valueRequired\":true,\"valueName\":\"search_term_string\"}}],\"inLanguage\":\"es\"}]}<\/script>\n<!-- \/ Yoast SEO plugin. -->","yoast_head_json":{"title":"Residuos - Dra. Ma. Cristina Cortinas Dur\u00e1n","description":"Se proporciona informaci\u00f3n sobre las medidas regulatorias y de otra \u00edndole tendientes a evitar la generaci\u00f3n y a maximizar la valorizaci\u00f3n de residuos s\u00f3lidos urbanos, de manejo especial y peligrosos en M\u00e9xico y el mundo.","robots":{"index":"index","follow":"follow","max-snippet":"max-snippet:-1","max-image-preview":"max-image-preview:large","max-video-preview":"max-video-preview:-1"},"canonical":"https:\/\/cristinacortinas.org\/sustentabilidad\/residuos\/","og_locale":"es_ES","og_type":"article","og_title":"Residuos - Dra. Ma. Cristina Cortinas Dur\u00e1n","og_description":"Se proporciona informaci\u00f3n sobre las medidas regulatorias y de otra \u00edndole tendientes a evitar la generaci\u00f3n y a maximizar la valorizaci\u00f3n de residuos s\u00f3lidos urbanos, de manejo especial y peligrosos en M\u00e9xico y el mundo.","og_url":"https:\/\/cristinacortinas.org\/sustentabilidad\/residuos\/","og_site_name":"Dra. Ma. Cristina Cortinas Dur\u00e1n","article_publisher":"https:\/\/www.facebook.com\/cristinacortinasduran\/","article_modified_time":"2023-05-09T15:03:56+00:00","twitter_card":"summary_large_image","twitter_site":"@DraCrisCortinas","schema":{"@context":"https:\/\/schema.org","@graph":[{"@type":"WebPage","@id":"https:\/\/cristinacortinas.org\/sustentabilidad\/residuos\/","url":"https:\/\/cristinacortinas.org\/sustentabilidad\/residuos\/","name":"Residuos - Dra. Ma. Cristina Cortinas Dur\u00e1n","isPartOf":{"@id":"https:\/\/cristinacortinas.org\/sustentabilidad\/#website"},"datePublished":"2023-05-09T14:54:52+00:00","dateModified":"2023-05-09T15:03:56+00:00","description":"Se proporciona informaci\u00f3n sobre las medidas regulatorias y de otra \u00edndole tendientes a evitar la generaci\u00f3n y a maximizar la valorizaci\u00f3n de residuos s\u00f3lidos urbanos, de manejo especial y peligrosos en M\u00e9xico y el mundo.","breadcrumb":{"@id":"https:\/\/cristinacortinas.org\/sustentabilidad\/residuos\/#breadcrumb"},"inLanguage":"es","potentialAction":[{"@type":"ReadAction","target":["https:\/\/cristinacortinas.org\/sustentabilidad\/residuos\/"]}]},{"@type":"BreadcrumbList","@id":"https:\/\/cristinacortinas.org\/sustentabilidad\/residuos\/#breadcrumb","itemListElement":[{"@type":"ListItem","position":1,"name":"Portada","item":"https:\/\/cristinacortinas.org\/sustentabilidad\/"},{"@type":"ListItem","position":2,"name":"Residuos"}]},{"@type":"WebSite","@id":"https:\/\/cristinacortinas.org\/sustentabilidad\/#website","url":"https:\/\/cristinacortinas.org\/sustentabilidad\/","name":"Dra. Ma. Cristina Cortinas Dur\u00e1n","description":"","potentialAction":[{"@type":"SearchAction","target":{"@type":"EntryPoint","urlTemplate":"https:\/\/cristinacortinas.org\/sustentabilidad\/?s={search_term_string}"},"query-input":{"@type":"PropertyValueSpecification","valueRequired":true,"valueName":"search_term_string"}}],"inLanguage":"es"}]}},"_links":{"self":[{"href":"https:\/\/cristinacortinas.org\/sustentabilidad\/wp-json\/wp\/v2\/pages\/8858","targetHints":{"allow":["GET"]}}],"collection":[{"href":"https:\/\/cristinacortinas.org\/sustentabilidad\/wp-json\/wp\/v2\/pages"}],"about":[{"href":"https:\/\/cristinacortinas.org\/sustentabilidad\/wp-json\/wp\/v2\/types\/page"}],"author":[{"embeddable":true,"href":"https:\/\/cristinacortinas.org\/sustentabilidad\/wp-json\/wp\/v2\/users\/1"}],"replies":[{"embeddable":true,"href":"https:\/\/cristinacortinas.org\/sustentabilidad\/wp-json\/wp\/v2\/comments?post=8858"}],"version-history":[{"count":9,"href":"https:\/\/cristinacortinas.org\/sustentabilidad\/wp-json\/wp\/v2\/pages\/8858\/revisions"}],"predecessor-version":[{"id":8867,"href":"https:\/\/cristinacortinas.org\/sustentabilidad\/wp-json\/wp\/v2\/pages\/8858\/revisions\/8867"}],"wp:attachment":[{"href":"https:\/\/cristinacortinas.org\/sustentabilidad\/wp-json\/wp\/v2\/media?parent=8858"}],"curies":[{"name":"wp","href":"https:\/\/api.w.org\/{rel}","templated":true}]}}