{"id":5699,"date":"2018-07-18T10:57:55","date_gmt":"2018-07-18T15:57:55","guid":{"rendered":"http:\/\/cristinacortinas.org\/sustentabilidad\/?page_id=5699"},"modified":"2018-07-19T11:47:54","modified_gmt":"2018-07-19T16:47:54","slug":"agenda-del-foro-economia-circular-guadalajara","status":"publish","type":"page","link":"https:\/\/cristinacortinas.org\/sustentabilidad\/agenda-del-foro-economia-circular-guadalajara\/","title":{"rendered":"Agenda del Foro Econom\u00eda Circular Guadalajara"},"content":{"rendered":"<p style=\"text-align: center;\"><img loading=\"lazy\" decoding=\"async\" class=\"alignnone size-full wp-image-5735\" src=\"http:\/\/cristinacortinas.org\/sustentabilidad\/wp-content\/uploads\/2018\/07\/facebook.png\" alt=\"\" width=\"851\" height=\"315\" srcset=\"https:\/\/cristinacortinas.org\/sustentabilidad\/wp-content\/uploads\/2018\/07\/facebook.png 851w, https:\/\/cristinacortinas.org\/sustentabilidad\/wp-content\/uploads\/2018\/07\/facebook-300x111.png 300w, https:\/\/cristinacortinas.org\/sustentabilidad\/wp-content\/uploads\/2018\/07\/facebook-768x284.png 768w\" sizes=\"auto, (max-width: 851px) 100vw, 851px\" \/><\/p>\n<h2>Prop\u00f3sito del Foro<\/h2>\n<p style=\"text-align: justify;\">Reconociendo que la econom\u00eda circular est\u00e1 orientada a restaurar y regenerar los recursos naturales, a proteger la biodiversidad y sus servicios ambientales, a evitar el desperdicio de energ\u00eda, agua, materiales y suelo, as\u00ed como la generaci\u00f3n de residuos y su disposici\u00f3n final, por medio de estrategias y acciones que fomenten la creaci\u00f3n de empleos verdes e incluyentes y la productividad y competitividad de las empresas, el prop\u00f3sito del Foro consiste en:<\/p>\n<p style=\"text-align: justify;\">Reunir a representantes de los distintos grupos de inter\u00e9s \u2013de los sectores p\u00fablico, privado y social- con el fin de propiciar el intercambio de ideas, conocimientos y experiencias, que lleven a identificar estrategias propias a desarrollar a nivel nacional para implantar esquemas de econom\u00eda circular que aterricen a nivel local y regional, atendiendo a las circunstancias particulares de las distintas zonas del territorio; las cuales se espera queden plasmadas en lo que ser\u00e1 la \u201cDeclaraci\u00f3n de Guadalajara para Impulsar la Econom\u00eda Circular en M\u00e9xico\u201d.<a href=\"#_ftn1\" name=\"_ftnref1\">[1]<\/a><\/p>\n<h2 style=\"text-align: center;\">Agenda<\/h2>\n<p><strong>Lunes 11 de junio 2018<\/strong><\/p>\n<table>\n<tbody>\n<tr>\n<td colspan=\"2\" width=\"599\">SESI\u00d3N INICIAL<\/td>\n<\/tr>\n<tr>\n<td width=\"130\">8:00 -8:45 a.m.<\/td>\n<td width=\"468\">Registro (el registro se interrumpir\u00e1 a la hora fijada para que los asistentes ocupen sus asientos y de inicio puntual el Foro)<\/td>\n<\/tr>\n<tr>\n<td width=\"130\">9:00- 9:15 a.m.<\/td>\n<td width=\"468\">Bienvenida general, descripci\u00f3n de objetivos y din\u00e1mica del Foro<\/p>\n<p>Cristina Cortinas, Integrante del Centro Interdisciplinario de Biodiversidad y Ambiente (CEIBA). Coordinadora del Foro<\/td>\n<\/tr>\n<tr>\n<td width=\"130\">9:15-9:30\u00a0 a.m.<\/td>\n<td width=\"468\">Mensaje de Bienvenida e Inauguraci\u00f3n del Foro.<\/p>\n<p>Mar\u00eda Magdalena Ruiz Mej\u00eda, Secretaria de Medio Ambiente y Desarrollo Territorial de Jalisco (SEMADET).<\/td>\n<\/tr>\n<tr>\n<td width=\"130\">9:30-10:00 a.m.<\/td>\n<td width=\"468\">Conferencia Magistral. Por una reorientaci\u00f3n, innovaci\u00f3n, fortalecimiento y consolidaci\u00f3n de la pol\u00edtica ambiental y el desarrollo sustentable 2019-2025<\/p>\n<p>Enrique Provencio Durazo. Presidente del Centro Interdisciplinario de Biodiversidad y Ambiente.<\/td>\n<\/tr>\n<tr>\n<td width=\"130\">10:00-10:30 a.m.<\/td>\n<td width=\"468\">Conferencia: Econom\u00eda circular, gesti\u00f3n integral de residuos y derecho a un ambiente sano.<\/p>\n<p>Izarelly Rosillo Pantoja. Facultad de Derecho. Universidad Aut\u00f3noma de Quer\u00e9taro.<\/td>\n<\/tr>\n<tr>\n<td width=\"130\">10:30-11:00 a.m.<\/td>\n<td width=\"468\">Conferencia: Importancia de una econom\u00eda circular que contribuya a limitar el aumento de la temperatura global.<\/p>\n<p>Arturo Gavil\u00e1n. Instituto Nacional de Ecolog\u00eda y Cambio Clim\u00e1tico.<\/td>\n<\/tr>\n<tr>\n<td width=\"130\">11:00-11:15 a.m.<\/td>\n<td width=\"468\">Receso (caf\u00e9)<\/td>\n<\/tr>\n<\/tbody>\n<\/table>\n<p>&nbsp;<\/p>\n<table>\n<thead>\n<tr>\n<td colspan=\"2\" width=\"599\">PRIMER PANEL:\u00a0 CONTEXTO Y EJEMPLOS DE INSTRUMENTOS PARA ENMARCAR LA ECONOM\u00cdA CIRCULAR EN M\u00c9XICO<\/td>\n<\/tr>\n<\/thead>\n<tbody>\n<tr>\n<td width=\"130\">11:15 -11:20 a.m.<\/td>\n<td width=\"468\">Presentaci\u00f3n de conferencistas y panelistas<\/td>\n<\/tr>\n<tr>\n<td width=\"130\">11:20 -11:50 a.m.<\/td>\n<td width=\"468\">Conferencia: Econom\u00eda Circular: Oportunidades para un desarrollo inclusivo y sustentable.<\/p>\n<p>Guillermo Castell\u00e1 Lorenzo, Director y Representante de la Oficina Regional de la Organizaci\u00f3n de las Naciones Unidas para el Desarrollo Industrial (ONUDI) en M\u00e9xico<\/td>\n<\/tr>\n<tr>\n<td width=\"130\">11:50 \u2013 12:20 a.m.<\/td>\n<td width=\"468\">Conferencia: Resultados sobre el primer mapeo de econom\u00eda circular en M\u00e9xico 2018.<\/p>\n<p>Ricardo Weigend. Representante y desarrollador de negocios circulares para ECOR Latinoam\u00e9rica<\/td>\n<\/tr>\n<tr>\n<td colspan=\"2\" width=\"599\">PANELISTAS<\/td>\n<\/tr>\n<tr>\n<td width=\"130\">12:20-12:35 a.m.<\/td>\n<td width=\"468\">Estrategias y Legislaci\u00f3n en la transici\u00f3n de la gesti\u00f3n de residuos hacia una econom\u00eda circular- Experiencia en Alemania.<\/p>\n<p>Gabriela Baeza Zamora. Cooperaci\u00f3n Alemana en M\u00e9xico. GIZ- M\u00e9xico.<\/td>\n<\/tr>\n<tr>\n<td width=\"130\">12:35-12:50\u00a0 a.m.<\/td>\n<td width=\"468\">El Programa y reglamentaci\u00f3n estatal para la prevenci\u00f3n y gesti\u00f3n integral de residuos de Jalisco enmarcados en la econom\u00eda circular.<\/p>\n<p>Eduardo Parra Ramos. Secretar\u00eda de Medio Ambiente y Desarrollo Territorial (SEMADET).<\/td>\n<\/tr>\n<tr>\n<td width=\"130\">12:50 -13:05 p.m.<\/td>\n<td width=\"468\">Dise\u00f1o y desarrollo de cadenas de valor circulares para industrias tradicionales.<\/p>\n<p>Oscar Vel\u00e1zquez. Director de Smart Impact.<\/td>\n<\/tr>\n<tr>\n<td width=\"130\">13:05-14:00 p.m.<\/td>\n<td width=\"468\">Receso (refrigerio)<\/td>\n<\/tr>\n<\/tbody>\n<\/table>\n<p>&nbsp;<\/p>\n<table>\n<thead>\n<tr>\n<td colspan=\"2\" width=\"599\">SEGUNDO PANEL: VISI\u00d3N EMPRESARIAL DE LA ECONOM\u00cdA CIRCULAR<\/td>\n<\/tr>\n<\/thead>\n<tbody>\n<tr>\n<td width=\"130\">14:00-14:05 p.m.<\/td>\n<td width=\"468\">Presentaci\u00f3n de conferencistas y panelistas<\/td>\n<\/tr>\n<tr>\n<td width=\"130\">14:05 -14:35 p.m.<\/td>\n<td width=\"468\">Conferencia: La econom\u00eda circular en las ciudades inteligentes.<\/p>\n<p>\u00c1lvaro N\u00fa\u00f1ez Sol\u00eds. Director de la empresa Recicla Electr\u00f3nicos (REMSA)<\/td>\n<\/tr>\n<tr>\n<td width=\"130\">14:35 -15:05\u00a0 p.m.<\/td>\n<td width=\"468\">Conferencia: Consejos para una transici\u00f3n hacia la econom\u00eda circular en las empresas<\/p>\n<p>Ricardo Weigend<\/p>\n<p>Representante y desarrollador de negocios circulares para ECOR Latinoam\u00e9rica<\/td>\n<\/tr>\n<tr>\n<td width=\"130\">15:05-\u00a0 15:35 p.m.<\/td>\n<td width=\"468\">Enfoques, fundamentos y experiencias en materia de econom\u00eda circular en el sector de la construcci\u00f3n\u00a0 y edificaci\u00f3n<\/p>\n<p>Martha Ni\u00f1o Sulkowska. Secretar\u00eda de Medio Ambiente y Recursos Naturales.<\/td>\n<\/tr>\n<tr>\n<td colspan=\"2\" width=\"599\">PANELISTAS<\/td>\n<\/tr>\n<tr>\n<td width=\"130\">15:35-15:55 p.m.<\/td>\n<td width=\"468\">El plan de manejo como v\u00eda para cerrar el ciclo de los residuos de la construcci\u00f3n y demolici\u00f3n.<\/p>\n<p>Fernando Montes de Oca Dom\u00ednguez. Presidente del \u201cGrupo MDO\u201d Global Solutions.<\/td>\n<\/tr>\n<tr>\n<td width=\"130\">15:55-16:10 p.m.<\/td>\n<td width=\"468\">Recuperaci\u00f3n de residuos de la construcci\u00f3n bajo modelos de Econom\u00eda Circular y Up-cycling.<\/p>\n<p>Leonardo Romo. AGRE - Agregados Reciclados SA Pi de CV.<\/td>\n<\/tr>\n<\/tbody>\n<\/table>\n<p>&nbsp;<\/p>\n<table>\n<thead>\n<tr>\n<td colspan=\"2\" width=\"599\">TERCER PANEL SIETE PASOS PARA CERRAR EL CICLO DE LOS MATERIALES<\/p>\n<p>(Repensar, Redise\u00f1ar, Reutilizar, Reparar, Remanufacturar, Reciclar, Recuperar energ\u00eda)<\/td>\n<\/tr>\n<\/thead>\n<tbody>\n<tr>\n<td width=\"130\">16:10 -16: 15 p.m.<\/td>\n<td width=\"468\">Presentaci\u00f3n de conferencistas y panelistas<\/td>\n<\/tr>\n<tr>\n<td width=\"130\">16: 15-16: 45 p.m.<\/td>\n<td width=\"468\">Cumplimiento del Convenio de Estocolmo mediante la econom\u00eda circular y el manejo de los residuos electr\u00f3nicos.<\/p>\n<p>Erick Felipe Jim\u00e9nez Quiroz. Coordinador del Proyecto Residuos COP. Programa de las Naciones Unidas para el Desarrollo (PNUD)-SEMARNAT<\/td>\n<\/tr>\n<tr>\n<td width=\"130\">16: 45 -17:15\u00a0 p.m.<\/td>\n<td width=\"468\">Conferencia: La Econom\u00eda Circular en la industria electr\u00f3nica en M\u00e9xico: mapeo de flujo de materiales\u00a0 de los residuos electr\u00f3nicos (actores y escenarios). Daniela C\u00f3rdoba. Instituto Tecnol\u00f3gico y de estudios Superiores de Monterrey<\/td>\n<\/tr>\n<tr>\n<td colspan=\"2\" width=\"599\">PANELISTAS<\/td>\n<\/tr>\n<tr>\n<td width=\"130\">17:15-17:30\u00a0\u00a0 p.m.<\/td>\n<td width=\"468\">La responsabilidad compartida en la gesti\u00f3n de Residuos El\u00e9ctricos y Electr\u00f3nicos en M\u00e9xico.<\/p>\n<p>Sof\u00eda Ch\u00e1vez. Casa CEM<\/td>\n<\/tr>\n<tr>\n<td width=\"130\">17:30-17:45\u00a0\u00a0 p.m.<\/td>\n<td width=\"468\">Emprendimiento Circular: La importancia de conectar sistemas clave para lograr un impacto mayor.<\/p>\n<p>Fernanda Garza. Empresa Biocon<\/td>\n<\/tr>\n<tr>\n<td width=\"130\">17:45-18:00\u00a0\u00a0 p.m.<\/td>\n<td width=\"468\">Educar en la sustentabilidad con la finalidad de generar cambios de h\u00e1bitos y consumo responsables y amigables al medio ambiente<\/p>\n<p>Fernanda Segura.\u00a0\u00a0 Comunidad Educativa Ambiental (CEA)<\/td>\n<\/tr>\n<\/tbody>\n<\/table>\n<p><strong>Martes 12 de junio 2018<\/strong><\/p>\n<table>\n<thead>\n<tr>\n<td colspan=\"2\" width=\"599\">CUARTO PANEL: PREVENCI\u00d3N DE LA P\u00c9RDIDA DE ALIMENTOS Y APROVECHAMIENTO MATERIAL Y ENERG\u00c9TICO DE RESIDUOS ORG\u00c1NICOS<\/td>\n<\/tr>\n<\/thead>\n<tbody>\n<tr>\n<td width=\"130\">9:00 -9:05 a.m.<\/td>\n<td width=\"468\">Presentaci\u00f3n de conferencistas y panelistas<\/td>\n<\/tr>\n<tr>\n<td width=\"130\">9:05\u00a0 -9:35 a.m.<\/td>\n<td width=\"468\">Conferencia: Norte Am\u00e9rica y su impulso para el aprovechamiento circular de residuos org\u00e1nicos.<\/p>\n<p>Gabriela S\u00e1nchez. Comisi\u00f3n para la Cooperaci\u00f3n Ambiental de Am\u00e9rica del Norte.<\/td>\n<\/tr>\n<tr>\n<td width=\"130\">9:35-10:05\u00a0 a.m.<\/td>\n<td width=\"468\">Conferencia: Diagn\u00f3stico, Barreras y Oportunidades para la introducci\u00f3n y despliegue del aprovechamiento de residuos urbanos org\u00e1nicos en M\u00e9xico. Gabriela Baeza Zamora. Cooperaci\u00f3n Alemana en M\u00e9xico. GIZ- M\u00e9xico.<\/td>\n<\/tr>\n<tr>\n<td width=\"130\">10:05-10:25 a.m.<\/td>\n<td width=\"468\">Perspectivas acerca de las p\u00e9rdidas y desperdicios de alimentos en M\u00e9xico.<\/p>\n<p>Nadya Selene Alencastro Larios. Integrante del Grupo de Trabajo del Banco Mundial a cargo del proyecto.<\/td>\n<\/tr>\n<tr>\n<td colspan=\"2\" width=\"599\">PANELISTAS<\/td>\n<\/tr>\n<tr>\n<td width=\"130\">10:25-10:40 a.m.<\/td>\n<td width=\"468\">La educaci\u00f3n y movilizaci\u00f3n ciudadana para aprovechar los residuos org\u00e1nicos y valorizar residuos reciclables.<\/p>\n<p>Salvador Garc\u00eda Ruvalcaba. Centro Universitario de la Costa Sur CUCSUR.<\/p>\n<p>Departamento de Ecolog\u00eda y Recursos Naturales<\/td>\n<\/tr>\n<tr>\n<td width=\"130\">10:40-10:55 a.m.<\/td>\n<td width=\"468\">Prevenci\u00f3n en la generaci\u00f3n de residuos en la oferta de valor al cliente: Caso restaurantes TOKS<\/p>\n<p>Gustavo P\u00e9rez Berlanga. Cadena de Restaurantes TOKS<\/td>\n<\/tr>\n<tr>\n<td width=\"130\">10:55-11:10 a.m<\/td>\n<td width=\"468\">Contribuci\u00f3n de los Bancos de Alimentos a la Prevenci\u00f3n de la P\u00e9rdida de Alimentos en M\u00e9xico y su Visi\u00f3n Social<\/p>\n<p>Mar\u00eda Teresa Garc\u00eda Plata. Directora General. Asociaci\u00f3n de Bancos de Alimentos de M\u00e9xico.<\/td>\n<\/tr>\n<tr>\n<td width=\"130\">11:10 -11:40 a.m<\/td>\n<td width=\"468\">Experiencias exitosas de compostaje de residuos org\u00e1nicos en el sector agropecuario en M\u00e9xico.<\/p>\n<p>Francisco A. Niembro. Director de la empresa Aldea Verde y David Escalera Montes, director Compostamex<\/td>\n<\/tr>\n<tr>\n<td width=\"130\">11:40 -12:05 a.m<\/td>\n<td width=\"468\">Receso (caf\u00e9)<\/td>\n<\/tr>\n<\/tbody>\n<\/table>\n<p>&nbsp;<\/p>\n<table>\n<tbody>\n<tr>\n<td colspan=\"2\" width=\"599\">QUINTO PANEL: CIENCIA Y TECNOLOG\u00cdA PARA IMPULSAR LA ECONOM\u00cdA CIRCULAR<\/td>\n<\/tr>\n<tr>\n<td width=\"130\">12:05-12:10 a.m.<\/td>\n<td width=\"468\">Presentaci\u00f3n de conferencistas y panelistas<\/td>\n<\/tr>\n<tr>\n<td width=\"130\">12:10 -12:40 p.m.<\/td>\n<td width=\"468\">Conferencia: Ecosistema 4.0 en Jalisco: \u00bflas nuevas tecnolog\u00edas influyen en nuestras vidas?<\/p>\n<p>Morris Schwarzblat y Katz. Secretar\u00eda de Innovaci\u00f3n Ciencia y Tecnolog\u00eda de Jalisco.<\/td>\n<\/tr>\n<tr>\n<td width=\"130\">12:40-13:15\u00a0 p.m.<\/td>\n<td width=\"468\">Conferencia: Econom\u00eda Circular en la Pr\u00e1ctica: 6 Modelos de Negocio y 6 Estrategias de Dise\u00f1o Circular.<\/p>\n<p>Ricardo Weigend. Representante y desarrollador de negocios circulares para ECOR Latinoam\u00e9rica<\/td>\n<\/tr>\n<tr>\n<td colspan=\"2\" width=\"599\">PANELISTAS<\/td>\n<\/tr>\n<tr>\n<td width=\"130\">13:15-13: 30 p.m.<\/td>\n<td width=\"468\">Econom\u00eda Circular en Construcci\u00f3n Sustentable.<\/p>\n<p>Ana Karen Hern\u00e1ndez Garc\u00eda. UCL<\/td>\n<\/tr>\n<tr>\n<td width=\"130\">13:30-13:45 p.m.<\/td>\n<td width=\"468\">Dise\u00f1o Circular<\/p>\n<p>Silvio Margain Le\u00f3n, Fundador y CEO del estudio de dise\u00f1o circular OPQRS.<\/td>\n<\/tr>\n<tr>\n<td width=\"130\">13:45-14:30 p.m.<\/td>\n<td width=\"468\">Receso (refrigerio)<\/td>\n<\/tr>\n<\/tbody>\n<\/table>\n<p>&nbsp;<\/p>\n<table>\n<thead>\n<tr>\n<td colspan=\"2\" width=\"599\">SEXTO PANEL:\u00a0 ECONOM\u00cdA CIRCULAR LOCAL Y REGIONAL<\/td>\n<\/tr>\n<\/thead>\n<tbody>\n<tr>\n<td width=\"130\">14:30-14:35 p.m.<\/td>\n<td width=\"468\">Presentaci\u00f3n de conferencistas y panelistas<\/td>\n<\/tr>\n<tr>\n<td width=\"130\">14:35 \u00a0-15:05 am.<\/td>\n<td width=\"468\">Conferencia: Concepto de Basura Cero como herramienta para la adopci\u00f3n de pr\u00e1cticas sustentables a nivel individuo y en municipalidades.<\/p>\n<p>Gabriela Baeza Zamora. Cooperaci\u00f3n Alemana en M\u00e9xico. GIZ- M\u00e9xico.<\/td>\n<\/tr>\n<tr>\n<td width=\"130\">15:05-15:35\u00a0 p.m.<\/td>\n<td width=\"468\">Conferencia: Econom\u00eda de la conservaci\u00f3n y tr\u00e1nsito hacia la econom\u00eda circular en M\u00e9xico<\/p>\n<p>Cristina Cortinas. Centro Interdisciplinario de Biodiversidad y Ambiente<\/td>\n<\/tr>\n<tr>\n<td colspan=\"2\" width=\"599\">PANELISTAS<\/td>\n<\/tr>\n<tr>\n<td width=\"130\">15:35-15:50\u00a0 p.m.<\/td>\n<td width=\"468\">La econom\u00eda de los residuos mitos y realidades sobre conceptos de BASURA CERO o similares.<\/p>\n<p>Jos\u00e9 Luis Contreras Becerra. Director de Manejo de Residuos de la empresa Hasars.<\/td>\n<\/tr>\n<tr>\n<td width=\"130\">15:50-16:05\u00a0 p.m.<\/td>\n<td width=\"468\">Esquemas de financiamiento para el saneamiento ambiental.<\/p>\n<p>Omar Giacoman.<\/td>\n<\/tr>\n<tr>\n<td width=\"130\">16:05-16:20 p.m.<\/td>\n<td width=\"468\">Diplomado sobre manejo integral y aprovechamiento de los residuos. \u00c9nfasis en el manejo del ciclo sustentable de materiales y residuos con una visi\u00f3n empresarial.<\/p>\n<p>Javier Garc\u00eda de Alba Verduzco, Centro Universitario de Ciencias Biol\u00f3gicas y Agropecuarias (CUCBA)-Universidad de Guadalajara (UdeG)<\/td>\n<\/tr>\n<tr>\n<td width=\"130\">16:20 -16:35\u00a0 p.m.<\/td>\n<td width=\"468\">Vinculaci\u00f3n empresa-universidad para impulsar la industrializaci\u00f3n de los residuos a nivel comunitario.<\/p>\n<p>Rub\u00e9n Reynoso G\u00e1lvez. Director General de la empresa Tecno Rec.<\/td>\n<\/tr>\n<tr>\n<td width=\"130\">16:35 -16:50 p.m.<\/td>\n<td width=\"468\">Investigaci\u00f3n, formaci\u00f3n, educaci\u00f3n y movilizaci\u00f3n ciudadana para la recuperaci\u00f3n y aprovechamiento de los residuos como un recurso.<\/p>\n<p>Alethia V\u00e1zquez Morillas. Universidad Aut\u00f3noma Metropolitana Unidad Azcapotzalco.<\/td>\n<\/tr>\n<tr>\n<td width=\"130\">16:50- 17:10 p.m.<\/td>\n<td width=\"468\">Lectura de la \u201cDeclaraci\u00f3n de Guadalajara para Impulsar la Econom\u00eda Circular en M\u00e9xico\u201d<\/p>\n<p>Cristina Cortinas. Coordinadora del Foro<\/td>\n<\/tr>\n<tr>\n<td width=\"130\">17:10-17:15 p.m.<\/td>\n<td width=\"468\">Lectura y entrega de la carta de adhesi\u00f3n de la C\u00e1mara Mexicana de la Industria de la Construcci\u00f3n (CMIC) a la \u201cDeclaraci\u00f3n de Guadalajara para Impulsar la Econom\u00eda Circular en M\u00e9xico\u201d. Luis Rafael M\u00e9ndez Jaled Presidente de la Delegaci\u00f3n Jalisco de la CMIC<\/td>\n<\/tr>\n<tr>\n<td width=\"130\">17:10- 17:40 p.m.<\/td>\n<td width=\"468\">Importancia de la econom\u00eda circular para lograr el desarrollo sustentable en M\u00e9xico<\/p>\n<p>Mensaje enviado por el Subsecretario de Fomento y Normatividad de la<\/p>\n<p>Secretar\u00eda de Medio Ambiente y Recursos Naturales (SEMARNAT) Jorge Carlos Hurtado Valdez<\/td>\n<\/tr>\n<tr>\n<td width=\"130\">17:40 -18:00 p.m.<\/td>\n<td width=\"468\">Palabras de clausura<\/p>\n<p>Carlos Beas Z\u00e1rate. Rector del Centro Universitario de Ciencias Biol\u00f3gicas y Agropecuarias (CUCBA) de la Universidad de Guadalajara<\/td>\n<\/tr>\n<\/tbody>\n<\/table>\n<p><a href=\"#_ftnref1\" name=\"_ftn1\">[1]<\/a> Nota: En la secci\u00f3n Residuos\/An\u00e1lisis de la p\u00e1gina (www.cristinacortinas.org) se encuentran revisiones desde distintas perspectivas de conceptos y experiencias en materia de econom\u00eda circular.<\/p>\n","protected":false},"excerpt":{"rendered":"<p>Prop\u00f3sito del Foro Reconociendo que la econom\u00eda circular est\u00e1 orientada a restaurar y regenerar los recursos naturales, a proteger la biodiversidad y sus servicios ambientales, a evitar el desperdicio de energ\u00eda, agua, materiales y suelo, as\u00ed como la generaci\u00f3n de residuos y su disposici\u00f3n final, por medio de estrategias y acciones que fomenten la creaci\u00f3n de empleos verdes e incluyentes&nbsp;<a href=\"https:\/\/cristinacortinas.org\/sustentabilidad\/agenda-del-foro-economia-circular-guadalajara\/\" class=\"read-more\">Seguir leyendo<\/a><\/p>\n","protected":false},"author":1,"featured_media":5736,"parent":0,"menu_order":0,"comment_status":"closed","ping_status":"closed","template":"page-fullwidth.php","meta":{"footnotes":""},"class_list":["post-5699","page","type-page","status-publish","has-post-thumbnail","hentry"],"yoast_head":"<!-- This site is optimized with the Yoast SEO plugin v27.4 - https:\/\/yoast.com\/product\/yoast-seo-wordpress\/ -->\n<title>Agenda del Foro Econom\u00eda Circular Guadalajara - Dra. Ma. Cristina Cortinas Dur\u00e1n<\/title>\n<meta name=\"robots\" content=\"index, follow, max-snippet:-1, max-image-preview:large, max-video-preview:-1\" \/>\n<link rel=\"canonical\" href=\"https:\/\/cristinacortinas.org\/sustentabilidad\/agenda-del-foro-economia-circular-guadalajara\/\" \/>\n<meta property=\"og:locale\" content=\"es_ES\" \/>\n<meta property=\"og:type\" content=\"article\" \/>\n<meta property=\"og:title\" content=\"Agenda del Foro Econom\u00eda Circular Guadalajara - Dra. Ma. Cristina Cortinas Dur\u00e1n\" \/>\n<meta property=\"og:description\" content=\"Prop\u00f3sito del Foro Reconociendo que la econom\u00eda circular est\u00e1 orientada a restaurar y regenerar los recursos naturales, a proteger la biodiversidad y sus servicios ambientales, a evitar el desperdicio de energ\u00eda, agua, materiales y suelo, as\u00ed como la generaci\u00f3n de residuos y su disposici\u00f3n final, por medio de estrategias y acciones que fomenten la creaci\u00f3n de empleos verdes e incluyentes&nbsp;Seguir leyendo\" \/>\n<meta property=\"og:url\" content=\"https:\/\/cristinacortinas.org\/sustentabilidad\/agenda-del-foro-economia-circular-guadalajara\/\" \/>\n<meta property=\"og:site_name\" content=\"Dra. Ma. Cristina Cortinas Dur\u00e1n\" \/>\n<meta property=\"article:publisher\" content=\"https:\/\/www.facebook.com\/cristinacortinasduran\/\" \/>\n<meta property=\"article:modified_time\" content=\"2018-07-19T16:47:54+00:00\" \/>\n<meta property=\"og:image\" content=\"https:\/\/cristinacortinas.org\/sustentabilidad\/wp-content\/uploads\/2018\/07\/Po\u0301ster.png\" \/>\n\t<meta property=\"og:image:width\" content=\"1500\" \/>\n\t<meta property=\"og:image:height\" content=\"2318\" \/>\n\t<meta property=\"og:image:type\" content=\"image\/png\" \/>\n<meta name=\"twitter:card\" content=\"summary_large_image\" \/>\n<meta name=\"twitter:site\" content=\"@DraCrisCortinas\" \/>\n<meta name=\"twitter:label1\" content=\"Tiempo de lectura\" \/>\n\t<meta name=\"twitter:data1\" content=\"9 minutos\" \/>\n<script type=\"application\/ld+json\" class=\"yoast-schema-graph\">{\"@context\":\"https:\\\/\\\/schema.org\",\"@graph\":[{\"@type\":\"WebPage\",\"@id\":\"https:\\\/\\\/cristinacortinas.org\\\/sustentabilidad\\\/agenda-del-foro-economia-circular-guadalajara\\\/\",\"url\":\"https:\\\/\\\/cristinacortinas.org\\\/sustentabilidad\\\/agenda-del-foro-economia-circular-guadalajara\\\/\",\"name\":\"Agenda del Foro Econom\u00eda Circular Guadalajara - Dra. Ma. Cristina Cortinas Dur\u00e1n\",\"isPartOf\":{\"@id\":\"https:\\\/\\\/cristinacortinas.org\\\/sustentabilidad\\\/#website\"},\"primaryImageOfPage\":{\"@id\":\"https:\\\/\\\/cristinacortinas.org\\\/sustentabilidad\\\/agenda-del-foro-economia-circular-guadalajara\\\/#primaryimage\"},\"image\":{\"@id\":\"https:\\\/\\\/cristinacortinas.org\\\/sustentabilidad\\\/agenda-del-foro-economia-circular-guadalajara\\\/#primaryimage\"},\"thumbnailUrl\":\"https:\\\/\\\/cristinacortinas.org\\\/sustentabilidad\\\/wp-content\\\/uploads\\\/2018\\\/07\\\/Po\u0301ster.png\",\"datePublished\":\"2018-07-18T15:57:55+00:00\",\"dateModified\":\"2018-07-19T16:47:54+00:00\",\"breadcrumb\":{\"@id\":\"https:\\\/\\\/cristinacortinas.org\\\/sustentabilidad\\\/agenda-del-foro-economia-circular-guadalajara\\\/#breadcrumb\"},\"inLanguage\":\"es\",\"potentialAction\":[{\"@type\":\"ReadAction\",\"target\":[\"https:\\\/\\\/cristinacortinas.org\\\/sustentabilidad\\\/agenda-del-foro-economia-circular-guadalajara\\\/\"]}]},{\"@type\":\"ImageObject\",\"inLanguage\":\"es\",\"@id\":\"https:\\\/\\\/cristinacortinas.org\\\/sustentabilidad\\\/agenda-del-foro-economia-circular-guadalajara\\\/#primaryimage\",\"url\":\"https:\\\/\\\/cristinacortinas.org\\\/sustentabilidad\\\/wp-content\\\/uploads\\\/2018\\\/07\\\/Po\u0301ster.png\",\"contentUrl\":\"https:\\\/\\\/cristinacortinas.org\\\/sustentabilidad\\\/wp-content\\\/uploads\\\/2018\\\/07\\\/Po\u0301ster.png\",\"width\":1500,\"height\":2318},{\"@type\":\"BreadcrumbList\",\"@id\":\"https:\\\/\\\/cristinacortinas.org\\\/sustentabilidad\\\/agenda-del-foro-economia-circular-guadalajara\\\/#breadcrumb\",\"itemListElement\":[{\"@type\":\"ListItem\",\"position\":1,\"name\":\"Portada\",\"item\":\"https:\\\/\\\/cristinacortinas.org\\\/sustentabilidad\\\/\"},{\"@type\":\"ListItem\",\"position\":2,\"name\":\"Agenda del Foro Econom\u00eda Circular Guadalajara\"}]},{\"@type\":\"WebSite\",\"@id\":\"https:\\\/\\\/cristinacortinas.org\\\/sustentabilidad\\\/#website\",\"url\":\"https:\\\/\\\/cristinacortinas.org\\\/sustentabilidad\\\/\",\"name\":\"Dra. Ma. Cristina Cortinas Dur\u00e1n\",\"description\":\"\",\"potentialAction\":[{\"@type\":\"SearchAction\",\"target\":{\"@type\":\"EntryPoint\",\"urlTemplate\":\"https:\\\/\\\/cristinacortinas.org\\\/sustentabilidad\\\/?s={search_term_string}\"},\"query-input\":{\"@type\":\"PropertyValueSpecification\",\"valueRequired\":true,\"valueName\":\"search_term_string\"}}],\"inLanguage\":\"es\"}]}<\/script>\n<!-- \/ Yoast SEO plugin. -->","yoast_head_json":{"title":"Agenda del Foro Econom\u00eda Circular Guadalajara - Dra. Ma. Cristina Cortinas Dur\u00e1n","robots":{"index":"index","follow":"follow","max-snippet":"max-snippet:-1","max-image-preview":"max-image-preview:large","max-video-preview":"max-video-preview:-1"},"canonical":"https:\/\/cristinacortinas.org\/sustentabilidad\/agenda-del-foro-economia-circular-guadalajara\/","og_locale":"es_ES","og_type":"article","og_title":"Agenda del Foro Econom\u00eda Circular Guadalajara - Dra. Ma. Cristina Cortinas Dur\u00e1n","og_description":"Prop\u00f3sito del Foro Reconociendo que la econom\u00eda circular est\u00e1 orientada a restaurar y regenerar los recursos naturales, a proteger la biodiversidad y sus servicios ambientales, a evitar el desperdicio de energ\u00eda, agua, materiales y suelo, as\u00ed como la generaci\u00f3n de residuos y su disposici\u00f3n final, por medio de estrategias y acciones que fomenten la creaci\u00f3n de empleos verdes e incluyentes&nbsp;Seguir leyendo","og_url":"https:\/\/cristinacortinas.org\/sustentabilidad\/agenda-del-foro-economia-circular-guadalajara\/","og_site_name":"Dra. Ma. Cristina Cortinas Dur\u00e1n","article_publisher":"https:\/\/www.facebook.com\/cristinacortinasduran\/","article_modified_time":"2018-07-19T16:47:54+00:00","og_image":[{"width":1500,"height":2318,"url":"https:\/\/cristinacortinas.org\/sustentabilidad\/wp-content\/uploads\/2018\/07\/Po\u0301ster.png","type":"image\/png"}],"twitter_card":"summary_large_image","twitter_site":"@DraCrisCortinas","twitter_misc":{"Tiempo de lectura":"9 minutos"},"schema":{"@context":"https:\/\/schema.org","@graph":[{"@type":"WebPage","@id":"https:\/\/cristinacortinas.org\/sustentabilidad\/agenda-del-foro-economia-circular-guadalajara\/","url":"https:\/\/cristinacortinas.org\/sustentabilidad\/agenda-del-foro-economia-circular-guadalajara\/","name":"Agenda del Foro Econom\u00eda Circular Guadalajara - Dra. Ma. Cristina Cortinas Dur\u00e1n","isPartOf":{"@id":"https:\/\/cristinacortinas.org\/sustentabilidad\/#website"},"primaryImageOfPage":{"@id":"https:\/\/cristinacortinas.org\/sustentabilidad\/agenda-del-foro-economia-circular-guadalajara\/#primaryimage"},"image":{"@id":"https:\/\/cristinacortinas.org\/sustentabilidad\/agenda-del-foro-economia-circular-guadalajara\/#primaryimage"},"thumbnailUrl":"https:\/\/cristinacortinas.org\/sustentabilidad\/wp-content\/uploads\/2018\/07\/Po\u0301ster.png","datePublished":"2018-07-18T15:57:55+00:00","dateModified":"2018-07-19T16:47:54+00:00","breadcrumb":{"@id":"https:\/\/cristinacortinas.org\/sustentabilidad\/agenda-del-foro-economia-circular-guadalajara\/#breadcrumb"},"inLanguage":"es","potentialAction":[{"@type":"ReadAction","target":["https:\/\/cristinacortinas.org\/sustentabilidad\/agenda-del-foro-economia-circular-guadalajara\/"]}]},{"@type":"ImageObject","inLanguage":"es","@id":"https:\/\/cristinacortinas.org\/sustentabilidad\/agenda-del-foro-economia-circular-guadalajara\/#primaryimage","url":"https:\/\/cristinacortinas.org\/sustentabilidad\/wp-content\/uploads\/2018\/07\/Po\u0301ster.png","contentUrl":"https:\/\/cristinacortinas.org\/sustentabilidad\/wp-content\/uploads\/2018\/07\/Po\u0301ster.png","width":1500,"height":2318},{"@type":"BreadcrumbList","@id":"https:\/\/cristinacortinas.org\/sustentabilidad\/agenda-del-foro-economia-circular-guadalajara\/#breadcrumb","itemListElement":[{"@type":"ListItem","position":1,"name":"Portada","item":"https:\/\/cristinacortinas.org\/sustentabilidad\/"},{"@type":"ListItem","position":2,"name":"Agenda del Foro Econom\u00eda Circular Guadalajara"}]},{"@type":"WebSite","@id":"https:\/\/cristinacortinas.org\/sustentabilidad\/#website","url":"https:\/\/cristinacortinas.org\/sustentabilidad\/","name":"Dra. Ma. Cristina Cortinas Dur\u00e1n","description":"","potentialAction":[{"@type":"SearchAction","target":{"@type":"EntryPoint","urlTemplate":"https:\/\/cristinacortinas.org\/sustentabilidad\/?s={search_term_string}"},"query-input":{"@type":"PropertyValueSpecification","valueRequired":true,"valueName":"search_term_string"}}],"inLanguage":"es"}]}},"_links":{"self":[{"href":"https:\/\/cristinacortinas.org\/sustentabilidad\/wp-json\/wp\/v2\/pages\/5699","targetHints":{"allow":["GET"]}}],"collection":[{"href":"https:\/\/cristinacortinas.org\/sustentabilidad\/wp-json\/wp\/v2\/pages"}],"about":[{"href":"https:\/\/cristinacortinas.org\/sustentabilidad\/wp-json\/wp\/v2\/types\/page"}],"author":[{"embeddable":true,"href":"https:\/\/cristinacortinas.org\/sustentabilidad\/wp-json\/wp\/v2\/users\/1"}],"replies":[{"embeddable":true,"href":"https:\/\/cristinacortinas.org\/sustentabilidad\/wp-json\/wp\/v2\/comments?post=5699"}],"version-history":[{"count":2,"href":"https:\/\/cristinacortinas.org\/sustentabilidad\/wp-json\/wp\/v2\/pages\/5699\/revisions"}],"predecessor-version":[{"id":5742,"href":"https:\/\/cristinacortinas.org\/sustentabilidad\/wp-json\/wp\/v2\/pages\/5699\/revisions\/5742"}],"wp:featuredmedia":[{"embeddable":true,"href":"https:\/\/cristinacortinas.org\/sustentabilidad\/wp-json\/wp\/v2\/media\/5736"}],"wp:attachment":[{"href":"https:\/\/cristinacortinas.org\/sustentabilidad\/wp-json\/wp\/v2\/media?parent=5699"}],"curies":[{"name":"wp","href":"https:\/\/api.w.org\/{rel}","templated":true}]}}