{"id":203,"date":"2011-09-14T09:45:02","date_gmt":"2011-09-14T09:45:02","guid":{"rendered":"http:\/\/cristinacortinas.org\/sustentabilidad\/"},"modified":"2025-12-29T12:10:59","modified_gmt":"2025-12-29T18:10:59","slug":"home","status":"publish","type":"page","link":"https:\/\/cristinacortinas.org\/sustentabilidad\/","title":{"rendered":"Inicio"},"content":{"rendered":"<div class=\"gray_box\">\n<div class=\"row \">\n<div class=\"span3 \"><div class=\"service-box home-services\"><figure class=\"icon\"><img decoding=\"async\" src=\"https:\/\/cristinacortinas.org\/sustentabilidad\/wp-content\/themes\/theme49466\/images\/icon5.png\" alt=\"\" \/><\/figure><div class=\"service-box_body\"><h2 class=\"title\">LIBROS<\/h2><h5 class=\"sub-title\">y art\u00edculos relacionados<\/h5><div class=\"service-box_txt\">En ellos se describe, la evoluci\u00f3n de la regulaci\u00f3n y gesti\u00f3n de las sustancias qu\u00edmicas y residuos en M\u00e9xico, poni\u00e9ndola en perspectiva.<\/div><div class=\"btn-align\"><a href=\"http:\/\/cristinacortinas.org\/sustentabilidad\/libros\/\" title=\"m\u00e1s informaci\u00f3n\" class=\"btn btn-inverse btn-normal btn-primary \" target=\"_self\">m\u00e1s informaci\u00f3n<\/a><\/div><\/div><\/div><!-- \/Service Box --><\/div>\n<div class=\"span3 \"><div class=\"service-box home-services\"><figure class=\"icon\"><img decoding=\"async\" src=\"https:\/\/cristinacortinas.org\/sustentabilidad\/wp-content\/themes\/theme49466\/images\/icon6.png\" alt=\"\" \/><\/figure><div class=\"service-box_body\"><h2 class=\"title\">PROTECCI\u00d3N<\/h2><h5 class=\"sub-title\">ambiental<\/h5><div class=\"service-box_txt\">Se incorporar\u00e1n documentos en relaci\u00f3n con la prevenci\u00f3n y mitigaci\u00f3n de los riesgos a la salud y al ambiente de sustancias qu\u00edmicas y residuos en M\u00e9xico y en el mundo.<\/div><div class=\"btn-align\"><a href=\"http:\/\/cristinacortinas.org\/sustentabilidad\/analisis-de-salud-ambiental\/\" title=\"m\u00e1s informaci\u00f3n\" class=\"btn btn-inverse btn-normal btn-primary \" target=\"_self\">m\u00e1s informaci\u00f3n<\/a><\/div><\/div><\/div><!-- \/Service Box --><\/div>\n<div class=\"span3 \"><div class=\"service-box home-services\"><figure class=\"icon\"><img decoding=\"async\" src=\"https:\/\/cristinacortinas.org\/sustentabilidad\/wp-content\/themes\/theme49466\/images\/icon7.png\" alt=\"\" \/><\/figure><div class=\"service-box_body\"><h2 class=\"title\">SUSTANCIAS<\/h2><h5 class=\"sub-title\">qu\u00edmicas<\/h5><div class=\"service-box_txt\">Se aborda la evaluaci\u00f3n de los peligros y riesgos, y la regulaci\u00f3n y control de las sustancias qu\u00edmicas a lo largo de su ciclo de vida integral, en M\u00e9xico y otros pa\u00edses<\/div><div class=\"btn-align\"><a href=\"http:\/\/cristinacortinas.org\/sustentabilidad\/analisis\/\" title=\"m\u00e1s informaci\u00f3n\" class=\"btn btn-inverse btn-normal btn-primary \" target=\"_self\">m\u00e1s informaci\u00f3n<\/a><\/div><\/div><\/div><!-- \/Service Box --><\/div>\n<div class=\"span3 \"><div class=\"service-box home-services\"><figure class=\"icon\"><img decoding=\"async\" src=\"https:\/\/cristinacortinas.org\/sustentabilidad\/wp-content\/themes\/theme49466\/images\/icon8.png\" alt=\"\" \/><\/figure><div class=\"service-box_body\"><h2 class=\"title\">RESIDUOS<\/h2><div class=\"service-box_txt\">Se proporciona informaci\u00f3n sobre las medidas regulatorias y de otra \u00edndole tendientes a evitar la generaci\u00f3n y a maximizar la valorizaci\u00f3n de residuos s\u00f3lidos urbanos, de manejo especial y peligrosos en M\u00e9xico y el mundo.<\/div><div class=\"btn-align\"><a href=\"http:\/\/cristinacortinas.org\/sustentabilidad\/analisis-de-residuos\/\" title=\"m\u00e1s informaci\u00f3n\" class=\"btn btn-inverse btn-normal btn-primary \" target=\"_self\">m\u00e1s informaci\u00f3n<\/a><\/div><\/div><\/div><!-- \/Service Box --><\/div>\n<\/div><!-- .row (end) -->\n<\/div>\n<div class=\"row \">\n<div class=\"span12 \"><div class=\"spacer\"><\/div><!-- .spacer (end) --><\/div>\n<div class=\"span12 \"><div class=\"title-box clearfix \"><h2 class=\"title-box_primary\">PROP\u00d3SITO<\/h2><\/div><!-- \/\/.title-box -->\n<p>Esta p\u00e1gina, al igual que la anterior: www.cristinacortinas.net, ha sido abierta con el fin de compartir datos, informaci\u00f3n, conocimientos y reflexiones en torno a temas relacionados con la salud y el ambiente, particularmente aquellos que ponen de relieve la dimensi\u00f3n que est\u00e1 alcanzando la exposici\u00f3n humana y la de los organismos de la flora y fauna acu\u00e1tica y terrestre a sustancias t\u00f3xicas y peligrosas, y a sus residuos, con la consecuente carga de enfermedad, muerte y desaparici\u00f3n de especies, que amenaza nuestra supervivencia y que afortunadamente son susceptibles de prevenir o reducir.<\/p>\n<a href=\"https:\/\/cristinacortinas.org\/sustentabilidad\/proposito-del-sitio-web\/\" title=\"leer m\u00e1s\" class=\"btn btn-default btn-normal btn-inline \" target=\"_self\">leer m\u00e1s<\/a><!-- .btn --><\/div>\n<div class=\"hr\"><\/div><!-- .hr (end) -->\n<div class=\"span12 \"><div class=\"title-box clearfix \"><h2 class=\"title-box_primary\">ARCHIVOS RECIENTES<\/h2><\/div><!-- \/\/.title-box -->\n<style>\n    .wpdmdt-toolbar {\n        padding: 10px;\n    }\n    .wpdmdt-toolbarb {\n        padding: 5px 10px 10px;\n    }\n    .wpdmdt-toolbar > div {\n        display: inline-block;\n    }\n    table,td,th{\n        border: 0;\n    }\n    #wpdm-all-packages .card{\n        overflow: hidden;\n    }\n    .dataTables_wrapper .table{\n        margin: 0;\n    }\n    #wpdmmydls-4f91e259eb3fb6ddf26b5cf07288d98d{\n        border-bottom: 1px solid #dddddd;\n        border-top: 1px solid #dddddd;\n        font-size: 10pt;\n        min-width: 100%;\n    }\n    #wpdmmydls-4f91e259eb3fb6ddf26b5cf07288d98d .wpdm-download-link img{\n        box-shadow: none !important;\n        max-width: 100%;\n    }\n    .w3eden .pagination{\n        margin: 0 !important;\n    }\n    #wpdmmydls-4f91e259eb3fb6ddf26b5cf07288d98d td:not(:first-child){\n        vertical-align: middle !important;\n    }\n    #wpdmmydls-4f91e259eb3fb6ddf26b5cf07288d98d td.__dt_col_download_link .btn{\n        display: flex;\n        width: 100%;\n    }\n    #wpdmmydls-4f91e259eb3fb6ddf26b5cf07288d98d td.__dt_col_download_link,\n    #wpdmmydls-4f91e259eb3fb6ddf26b5cf07288d98d th#download_link{\n        max-width: 155px !important;\n        width: 155px;\n\n    }\n    #wpdmmydls-4f91e259eb3fb6ddf26b5cf07288d98d th{\n        background-color: rgba(0,0,0,0.04);\n        border-bottom: 1px solid rgba(0,0,0,0.025);\n    }\n    #wpdmmydls-4f91e259eb3fb6ddf26b5cf07288d98d_length label,\n    #wpdmmydls-4f91e259eb3fb6ddf26b5cf07288d98d_filter label{\n        font-weight: 400;\n    }\n    #wpdmmydls-4f91e259eb3fb6ddf26b5cf07288d98d_filter input[type=search]{\n        display: inline-block;\n        width: 200px;\n    }\n    #wpdmmydls-4f91e259eb3fb6ddf26b5cf07288d98d_length select{\n        display: inline-block;\n        width: 60px;\n    }\n\n    #wpdmmydls-4f91e259eb3fb6ddf26b5cf07288d98d .package-title{\n        color:#36597C;\n        font-size: 11pt;\n        font-weight: 700;\n    }\n    #wpdmmydls-4f91e259eb3fb6ddf26b5cf07288d98d .small-txt{\n        margin-right: 7px;\n    }\n    #wpdmmydls-4f91e259eb3fb6ddf26b5cf07288d98d td{\n        min-width: 150px;\n    }\n\n    #wpdmmydls-4f91e259eb3fb6ddf26b5cf07288d98d td.__dt_col_categories{\n        max-width: 300px;\n    }\n\n    #wpdmmydls-4f91e259eb3fb6ddf26b5cf07288d98d .small-txt,\n    #wpdmmydls-4f91e259eb3fb6ddf26b5cf07288d98d small{\n        font-size: 9pt;\n    }\n    .w3eden .table-striped tbody tr:nth-of-type(2n+1) {\n        background-color: rgba(0,0,0,0.015);\n    }\n    .dataTables_wrapper .dataTables_paginate .paginate_button:active,\n    .dataTables_wrapper .dataTables_paginate .paginate_button:focus,\n    .dataTables_wrapper .dataTables_paginate .paginate_button:hover,\n    .dataTables_wrapper .dataTables_paginate .paginate_button{\n        margin: 0 !important;\n        padding: 0 !important;\n        border: 0 !important;\n        background: transparent !important;\n    }\n\n\n    @media (max-width: 799px) {\n        #wpdmmydls-4f91e259eb3fb6ddf26b5cf07288d98d tr {\n            display: block;\n            border: 3px solid rgba(0,0,0,0.3) !important;\n            margin-bottom: 10px !important;\n            position: relative;\n        }\n        #wpdmmydls-4f91e259eb3fb6ddf26b5cf07288d98d thead{\n            display: none;\n        }\n        #wpdmmydls-4f91e259eb3fb6ddf26b5cf07288d98d,\n        #wpdmmydls-4f91e259eb3fb6ddf26b5cf07288d98d td:first-child {\n            border: 0 !important;\n        }\n        #wpdmmydls-4f91e259eb3fb6ddf26b5cf07288d98d td {\n            display: block;\n        }\n        #wpdmmydls-4f91e259eb3fb6ddf26b5cf07288d98d td.__dt_col_download_link {\n            display: block;\n            max-width: 100% !important;\n            width: auto !important;\n\n        }\n    }\n\n\n<\/style>\n<div class=\"w3eden\">\n    <div id=\"wpdm-all-packages\">\n        <table id=\"wpdmmydls-4f91e259eb3fb6ddf26b5cf07288d98d\" class=\"table table-striped wpdm-all-packages-table\">\n            <thead>\n            <tr>\n                                <th style=\"\"  id=\"pagelink\" class=\"\">T\u00edtulo<\/th>\n                                <th style=\"\"  id=\"categories\" class=\"hidden-sm hidden-xs\">Categor\u00edas<\/th>\n                                <th style=\"\"  id=\"updatedate\" class=\"hidden-sm hidden-xs\">Fecha de actualizaci\u00f3n<\/th>\n                                <th style=\"\"  id=\"downloadlink\" class=\"hidden-sm hidden-xs\">Descargar<\/th>\n                \n            <\/tr>\n            <\/thead>\n            <tbody>\n            \n                    <tr class=\"__dt_row\">\n                                                <td  class=\"__dt_col_0 __dt_col __dt_col_page_link\" style=\"background-image: url('https:\/\/cristinacortinas.org\/sustentabilidad\/wp-content\/plugins\/download-manager\/assets\/file-type-icons\/pdf.png');background-size: 36px;background-position: 5px 8px;background-repeat:  no-repeat;padding-left: 52px;line-height: normal;\">\n                            <a class=\"package-title\" href='https:\/\/cristinacortinas.org\/sustentabilidad\/download\/atencion-a-emergencias-ambientales-en-una-economia-circular\/'>Atencio\u0301n a emergencias ambientales en una economi\u0301a circular<\/a><br\/><span class='__dt_file_count small-txt'>1<\/span><span class='__dt_download_count small-txt'><i class=\"far fa-arrow-alt-circle-down\"><\/i> 22 descargas<\/span><div class=\"hidden-md hidden-lg td-mobile\"><\/div>\n\n                        <\/td>\n                                                <td  class=\"__dt_col_1 __dt_col __dt_col_categories\" >\n                            <span class='__dt_categories '><a class='sbyc' href='https:\/\/cristinacortinas.org\/sustentabilidad\/?tax%5Bwpdmcategory%5D=economia-circular'>Econom\u00eda Circular<\/a><\/span>\n\n                        <\/td>\n                                                <td  data-order=\"1777420800\"  class=\"__dt_col_2 __dt_col __dt_col_update_date\" >\n                            <span class='__dt_update_date '>29 abril, 2026<\/span>\n\n                        <\/td>\n                                                <td  class=\"__dt_col_3 __dt_col __dt_col_download_link\" >\n                            <a class='wpdm-download-link download-on-click btn btn-info ' rel='nofollow' href='#' data-downloadurl=\"https:\/\/cristinacortinas.org\/sustentabilidad\/download\/atencion-a-emergencias-ambientales-en-una-economia-circular\/?wpdmdl=9993&refresh=69f52ce26df1e1777675490\">Descargar<\/a>\n\n                        <\/td>\n                        \n                    <\/tr>\n                \n                    <tr class=\"__dt_row\">\n                                                <td  class=\"__dt_col_0 __dt_col __dt_col_page_link\" style=\"background-image: url('https:\/\/cristinacortinas.org\/sustentabilidad\/wp-content\/plugins\/download-manager\/assets\/file-type-icons\/pdf.png');background-size: 36px;background-position: 5px 8px;background-repeat:  no-repeat;padding-left: 52px;line-height: normal;\">\n                            <a class=\"package-title\" href='https:\/\/cristinacortinas.org\/sustentabilidad\/download\/planeacion-del-manejo-sostenible-de-residuos-pecuarios\/'>Planeacio\u0301n del Manejo Sostenible de Residuos Pecuarios<\/a><br\/><span class='__dt_file_count small-txt'>1<\/span><span class='__dt_download_count small-txt'><i class=\"far fa-arrow-alt-circle-down\"><\/i> 30 descargas<\/span><div class=\"hidden-md hidden-lg td-mobile\"><\/div>\n\n                        <\/td>\n                                                <td  class=\"__dt_col_1 __dt_col __dt_col_categories\" >\n                            <span class='__dt_categories '><a class='sbyc' href='https:\/\/cristinacortinas.org\/sustentabilidad\/?tax%5Bwpdmcategory%5D=residuos'>Residuos<\/a><\/span>\n\n                        <\/td>\n                                                <td  data-order=\"1777248000\"  class=\"__dt_col_2 __dt_col __dt_col_update_date\" >\n                            <span class='__dt_update_date '>27 abril, 2026<\/span>\n\n                        <\/td>\n                                                <td  class=\"__dt_col_3 __dt_col __dt_col_download_link\" >\n                            <a class='wpdm-download-link download-on-click btn btn-info ' rel='nofollow' href='#' data-downloadurl=\"https:\/\/cristinacortinas.org\/sustentabilidad\/download\/planeacion-del-manejo-sostenible-de-residuos-pecuarios\/?wpdmdl=9990&refresh=69f52ce271b9d1777675490\">Descargar<\/a>\n\n                        <\/td>\n                        \n                    <\/tr>\n                \n                    <tr class=\"__dt_row\">\n                                                <td  class=\"__dt_col_0 __dt_col __dt_col_page_link\" style=\"background-image: url('https:\/\/cristinacortinas.org\/sustentabilidad\/wp-content\/plugins\/download-manager\/assets\/file-type-icons\/pdf.png');background-size: 36px;background-position: 5px 8px;background-repeat:  no-repeat;padding-left: 52px;line-height: normal;\">\n                            <a class=\"package-title\" href='https:\/\/cristinacortinas.org\/sustentabilidad\/download\/mitigacion-acelerada-de-impactos-ambientales-via-economia-circular\/'>Mitigacio\u0301n acelerada de impactos ambientales vi\u0301a economi\u0301a circular<\/a><br\/><span class='__dt_file_count small-txt'>1<\/span><span class='__dt_download_count small-txt'><i class=\"far fa-arrow-alt-circle-down\"><\/i> 33 descargas<\/span><div class=\"hidden-md hidden-lg td-mobile\"><\/div>\n\n                        <\/td>\n                                                <td  class=\"__dt_col_1 __dt_col __dt_col_categories\" >\n                            <span class='__dt_categories '><a class='sbyc' href='https:\/\/cristinacortinas.org\/sustentabilidad\/?tax%5Bwpdmcategory%5D=economia-circular'>Econom\u00eda Circular<\/a><\/span>\n\n                        <\/td>\n                                                <td  data-order=\"1777248000\"  class=\"__dt_col_2 __dt_col __dt_col_update_date\" >\n                            <span class='__dt_update_date '>27 abril, 2026<\/span>\n\n                        <\/td>\n                                                <td  class=\"__dt_col_3 __dt_col __dt_col_download_link\" >\n                            <a class='wpdm-download-link download-on-click btn btn-info ' rel='nofollow' href='#' data-downloadurl=\"https:\/\/cristinacortinas.org\/sustentabilidad\/download\/mitigacion-acelerada-de-impactos-ambientales-via-economia-circular\/?wpdmdl=9987&refresh=69f52ce2756f81777675490\">Descargar<\/a>\n\n                        <\/td>\n                        \n                    <\/tr>\n                \n                    <tr class=\"__dt_row\">\n                                                <td  class=\"__dt_col_0 __dt_col __dt_col_page_link\" style=\"background-image: url('https:\/\/cristinacortinas.org\/sustentabilidad\/wp-content\/plugins\/download-manager\/assets\/file-type-icons\/pdf.png');background-size: 36px;background-position: 5px 8px;background-repeat:  no-repeat;padding-left: 52px;line-height: normal;\">\n                            <a class=\"package-title\" href='https:\/\/cristinacortinas.org\/sustentabilidad\/download\/vision-sobre-la-ley-general-de-economia-circular\/'>VISIO\u0301N SOBRE LA LEY GENERAL DE ECONOMI\u0301A CIRCULAR<\/a><br\/><span class='__dt_file_count small-txt'>1<\/span><span class='__dt_download_count small-txt'><i class=\"far fa-arrow-alt-circle-down\"><\/i> 37 descargas<\/span><div class=\"hidden-md hidden-lg td-mobile\"><\/div>\n\n                        <\/td>\n                                                <td  class=\"__dt_col_1 __dt_col __dt_col_categories\" >\n                            <span class='__dt_categories '><a class='sbyc' href='https:\/\/cristinacortinas.org\/sustentabilidad\/?tax%5Bwpdmcategory%5D=economia-circular'>Econom\u00eda Circular<\/a><\/span>\n\n                        <\/td>\n                                                <td  data-order=\"1777248000\"  class=\"__dt_col_2 __dt_col __dt_col_update_date\" >\n                            <span class='__dt_update_date '>27 abril, 2026<\/span>\n\n                        <\/td>\n                                                <td  class=\"__dt_col_3 __dt_col __dt_col_download_link\" >\n                            <a class='wpdm-download-link download-on-click btn btn-info ' rel='nofollow' href='#' data-downloadurl=\"https:\/\/cristinacortinas.org\/sustentabilidad\/download\/vision-sobre-la-ley-general-de-economia-circular\/?wpdmdl=9985&refresh=69f52ce27920d1777675490\">Descargar<\/a>\n\n                        <\/td>\n                        \n                    <\/tr>\n                \n                    <tr class=\"__dt_row\">\n                                                <td  class=\"__dt_col_0 __dt_col __dt_col_page_link\" style=\"background-image: url('https:\/\/cristinacortinas.org\/sustentabilidad\/wp-content\/plugins\/download-manager\/assets\/file-type-icons\/pdf.png');background-size: 36px;background-position: 5px 8px;background-repeat:  no-repeat;padding-left: 52px;line-height: normal;\">\n                            <a class=\"package-title\" href='https:\/\/cristinacortinas.org\/sustentabilidad\/download\/economia-circular-y-educacion\/'>Economi\u0301a circular y educacio\u0301n<\/a><br\/><span class='__dt_file_count small-txt'>1<\/span><span class='__dt_download_count small-txt'><i class=\"far fa-arrow-alt-circle-down\"><\/i> 63 descargas<\/span><div class=\"hidden-md hidden-lg td-mobile\"><\/div>\n\n                        <\/td>\n                                                <td  class=\"__dt_col_1 __dt_col __dt_col_categories\" >\n                            <span class='__dt_categories '><a class='sbyc' href='https:\/\/cristinacortinas.org\/sustentabilidad\/?tax%5Bwpdmcategory%5D=economia-circular'>Econom\u00eda Circular<\/a><\/span>\n\n                        <\/td>\n                                                <td  data-order=\"1776902400\"  class=\"__dt_col_2 __dt_col __dt_col_update_date\" >\n                            <span class='__dt_update_date '>23 abril, 2026<\/span>\n\n                        <\/td>\n                                                <td  class=\"__dt_col_3 __dt_col __dt_col_download_link\" >\n                            <a class='wpdm-download-link download-on-click btn btn-info ' rel='nofollow' href='#' data-downloadurl=\"https:\/\/cristinacortinas.org\/sustentabilidad\/download\/economia-circular-y-educacion\/?wpdmdl=9980&refresh=69f52ce27cd7e1777675490\">Descargar<\/a>\n\n                        <\/td>\n                        \n                    <\/tr>\n                                        <\/tbody>\n        <\/table>\n\n        <div class='text-center'><ul class='pagination wpdm-pagination pagination-centered text-center'><li><span aria-current=\"page\" class=\"page-numbers current\">1<\/span><\/li><li><a class=\"page-numbers\" href=\"https:\/\/cristinacortinas.org\/sustentabilidad\/wp-json\/wp\/v2\/pages\/203\/?cp=2\">2<\/a><\/li><li><a class=\"page-numbers\" href=\"https:\/\/cristinacortinas.org\/sustentabilidad\/wp-json\/wp\/v2\/pages\/203\/?cp=3\">3<\/a><\/li><li><span class=\"page-numbers dots\">&hellip;<\/span><\/li><li><a class=\"page-numbers\" href=\"https:\/\/cristinacortinas.org\/sustentabilidad\/wp-json\/wp\/v2\/pages\/203\/?cp=254\">254<\/a><\/li><li><a class=\"page-numbers\" href=\"https:\/\/cristinacortinas.org\/sustentabilidad\/wp-json\/wp\/v2\/pages\/203\/?cp=255\">255<\/a><\/li><li><a class=\"next page-numbers\" href=\"https:\/\/cristinacortinas.org\/sustentabilidad\/wp-json\/wp\/v2\/pages\/203\/?cp=2\">Siguiente<\/a><\/li><\/ul><\/div>\n    <\/div>\n<\/div>\n\n<p>&nbsp;<\/p>\n<div class=\"title-box clearfix \"><h2 class=\"title-box_primary\">\u00daLTIMAS Noticias<\/h2><\/div><!-- \/\/.title-box -->\n<div class=\"carousel-wrap \"><div id=\"carousel-69f52ce27d1ff\" class=\"es-carousel-wrapper\"><div class=\"es-carousel\"><ul class=\"es-carousel_list unstyled clearfix\"><li class=\"es-carousel_li format-standart clearfix list-item-0\"><figure class=\"featured-thumbnail\"><a href=\"https:\/\/cristinacortinas.org\/sustentabilidad\/economia-circular-aplicada\/\" title=\"ECONOMIA CIRCULAR APLICADA\"><img decoding=\"async\" src=\"https:\/\/cristinacortinas.org\/sustentabilidad\/wp-content\/uploads\/2026\/04\/ECONOMIA-CIRCULAR-APLICADA-380x200.webp\" alt=\"ECONOMIA CIRCULAR APLICADA\" \/><\/a><\/figure><div class=\"desc\"><time datetime=\"2026-04-21T11:13:24\">21 abril, 2026<\/time><h5><a href=\"https:\/\/cristinacortinas.org\/sustentabilidad\/economia-circular-aplicada\/\" title=\"ECONOMIA CIRCULAR APLICADA\">ECONOMIA CIRCULAR APLICADA<\/a><\/h5><p class=\"excerpt\">En el libro \"ECONOM\u00cdA CIRCULAR: SU APLICACI\u00d3N Y SU LEGISLACI\u00d3N EN M\u00c9XICO\",&hellip;<\/p><\/div><\/li><li class=\"es-carousel_li format-standart clearfix list-item-1\"><figure class=\"featured-thumbnail\"><a href=\"https:\/\/cristinacortinas.org\/sustentabilidad\/1er-foro-de-gestion-sustentable-de-residuos-en-universidades\/\" title=\"1er Foro de Gesti\u00f3n Sustentable de Residuos en Universidades\"><img decoding=\"async\" src=\"https:\/\/cristinacortinas.org\/sustentabilidad\/wp-content\/uploads\/2026\/04\/1er-Foro-de-Gestion-Sustentable-380x200.jpg\" alt=\"1er Foro de Gesti\u00f3n Sustentable de Residuos en Universidades\" \/><\/a><\/figure><div class=\"desc\"><time datetime=\"2026-04-11T11:20:40\">11 abril, 2026<\/time><h5><a href=\"https:\/\/cristinacortinas.org\/sustentabilidad\/1er-foro-de-gestion-sustentable-de-residuos-en-universidades\/\" title=\"1er Foro de Gesti\u00f3n Sustentable de Residuos en Universidades\">1er Foro de Gesti\u00f3n Sustentable de Residuos en Universidades<\/a><\/h5><p class=\"excerpt\">Programa Foro_Gestio\u0301n de Residuos en Universidades<\/p><\/div><\/li><li class=\"es-carousel_li format-standart clearfix list-item-2\"><figure class=\"featured-thumbnail\"><a href=\"https:\/\/cristinacortinas.org\/sustentabilidad\/lecciones-de-comunidades-autosostenibles-en-el-marco-de-una-economia-circular\/\" title=\"Lecciones de comunidades autosostenibles en el marco de una econom\u00eda circular\"><img decoding=\"async\" src=\"https:\/\/cristinacortinas.org\/sustentabilidad\/wp-content\/uploads\/2026\/04\/Lecciones-de-comunidades-autosostenibles-en-el-marco-de-una-economia-circular-380x200.jpeg\" alt=\"Lecciones de comunidades autosostenibles en el marco de una econom\u00eda circular\" \/><\/a><\/figure><div class=\"desc\"><time datetime=\"2026-04-08T19:58:47\">8 abril, 2026<\/time><h5><a href=\"https:\/\/cristinacortinas.org\/sustentabilidad\/lecciones-de-comunidades-autosostenibles-en-el-marco-de-una-economia-circular\/\" title=\"Lecciones de comunidades autosostenibles en el marco de una econom\u00eda circular\">Lecciones de comunidades autosostenibles en el marco de una econom\u00eda circular<\/a><\/h5><p class=\"excerpt\">\u00bfA qu\u00e9 tipo de sociedad aspiramos al transitar hacia una econom\u00eda circular?&hellip;<\/p><\/div><\/li><li class=\"es-carousel_li format-standart clearfix list-item-3\"><figure class=\"featured-thumbnail\"><a href=\"https:\/\/cristinacortinas.org\/sustentabilidad\/contribucion-de-los-migrantes-a-la-circularizacion-y-sostenibilidad-comunitaria\/\" title=\"Contribuci\u00f3n de los Migrantes a la Circularizaci\u00f3n y Sostenibilidad Comunitaria\"><img decoding=\"async\" src=\"https:\/\/cristinacortinas.org\/sustentabilidad\/wp-content\/uploads\/2026\/03\/Contribucion-de-los-Migrantes-a-la-Circularizacion-y-Sostenibilidad-Comunitaria-380x200.jpg\" alt=\"Contribuci\u00f3n de los Migrantes a la Circularizaci\u00f3n y Sostenibilidad Comunitaria\" \/><\/a><\/figure><div class=\"desc\"><time datetime=\"2026-03-18T10:25:17\">18 marzo, 2026<\/time><h5><a href=\"https:\/\/cristinacortinas.org\/sustentabilidad\/contribucion-de-los-migrantes-a-la-circularizacion-y-sostenibilidad-comunitaria\/\" title=\"Contribuci\u00f3n de los Migrantes a la Circularizaci\u00f3n y Sostenibilidad Comunitaria\">Contribuci\u00f3n de los Migrantes a la Circularizaci\u00f3n y Sostenibilidad Comunitaria<\/a><\/h5><p class=\"excerpt\">Reflexiones sobre corrientes migratorias y el aprovechamiento circular del Agave En el&hellip;<\/p><\/div><\/li><li class=\"es-carousel_li format-standart clearfix list-item-4\"><figure class=\"featured-thumbnail\"><a href=\"https:\/\/cristinacortinas.org\/sustentabilidad\/y-si-tu-comida-no-tuviera-que-viajar-kilometros-para-llegar-a-ti\/\" title=\"\u00bfY si tu comida no tuviera que viajar kil\u00f3metros para llegar a ti?\"><img decoding=\"async\" src=\"https:\/\/cristinacortinas.org\/sustentabilidad\/wp-content\/uploads\/2026\/03\/Y-si-tu-comida-no-tuviera-que-viajar-kilometros-para-llegar-a-ti-380x200.jpg\" alt=\"\u00bfY si tu comida no tuviera que viajar kil\u00f3metros para llegar a ti?\" \/><\/a><\/figure><div class=\"desc\"><time datetime=\"2026-03-11T23:04:13\">11 marzo, 2026<\/time><h5><a href=\"https:\/\/cristinacortinas.org\/sustentabilidad\/y-si-tu-comida-no-tuviera-que-viajar-kilometros-para-llegar-a-ti\/\" title=\"\u00bfY si tu comida no tuviera que viajar kil\u00f3metros para llegar a ti?\">\u00bfY si tu comida no tuviera que viajar kil\u00f3metros para llegar a ti?<\/a><\/h5><p class=\"excerpt\">A veces las revoluciones m\u00e1s grandes empiezan en los rincones m\u00e1s peque\u00f1os:&hellip;<\/p><\/div><\/li><li class=\"es-carousel_li format-aside clearfix list-item-5\"><figure class=\"featured-thumbnail\"><a href=\"https:\/\/cristinacortinas.org\/sustentabilidad\/webinap-la-nueva-ley-general-de-economia-circular\/\" title=\"WebINAP &#8220;La Nueva Ley General de Econom\u00eda Circular&#8221;\"><img decoding=\"async\" src=\"https:\/\/cristinacortinas.org\/sustentabilidad\/wp-content\/uploads\/2026\/03\/WebINAP-La-Nueva-Ley-General-de-Economia-Circular--380x200.jpg\" alt=\"WebINAP &#8220;La Nueva Ley General de Econom\u00eda Circular&#8221;\" \/><\/a><\/figure><div class=\"desc\"><time datetime=\"2026-03-06T12:35:47\">6 marzo, 2026<\/time><h5><a href=\"https:\/\/cristinacortinas.org\/sustentabilidad\/webinap-la-nueva-ley-general-de-economia-circular\/\" title=\"WebINAP &#8220;La Nueva Ley General de Econom\u00eda Circular&#8221;\">WebINAP &#8220;La Nueva Ley General de Econom\u00eda Circular&#8221;<\/a><\/h5><p class=\"excerpt\">\ufeff Invitaci\u00f3n a escuchar a Alejandro Pag\u00e9s y a Mildred Castro compartir&hellip;<\/p><\/div><\/li><li class=\"es-carousel_li format-aside clearfix list-item-6\"><figure class=\"featured-thumbnail\"><a href=\"https:\/\/cristinacortinas.org\/sustentabilidad\/webinar-sobre-la-nueva-ley-general-de-economia-circular\/\" title=\"Webinar Sobre la Nueva Ley General de Econom\u00eda Circular\"><img decoding=\"async\" src=\"https:\/\/cristinacortinas.org\/sustentabilidad\/wp-content\/uploads\/2026\/03\/Webinar-Sobre-la-Nueva-Ley-General-de-Economia-Circular-380x200.jpg\" alt=\"Webinar Sobre la Nueva Ley General de Econom\u00eda Circular\" \/><\/a><\/figure><div class=\"desc\"><time datetime=\"2026-03-06T12:23:59\">6 marzo, 2026<\/time><h5><a href=\"https:\/\/cristinacortinas.org\/sustentabilidad\/webinar-sobre-la-nueva-ley-general-de-economia-circular\/\" title=\"Webinar Sobre la Nueva Ley General de Econom\u00eda Circular\">Webinar Sobre la Nueva Ley General de Econom\u00eda Circular<\/a><\/h5><p class=\"excerpt\">\ufeff En esta videograbaci\u00f3n encontrar\u00e1n ideas para contribuir a reglamentar la nueva&hellip;<\/p><\/div><\/li><li class=\"es-carousel_li format-standart clearfix list-item-7\"><figure class=\"featured-thumbnail\"><a href=\"https:\/\/cristinacortinas.org\/sustentabilidad\/economia-circular-sin-dueno-el-problema-cultural-de-la-empresa\/\" title=\"Econom\u00eda circular sin \u201cdue\u00f1o\u201d: el problema cultural de la empresa\"><img decoding=\"async\" src=\"https:\/\/cristinacortinas.org\/sustentabilidad\/wp-content\/uploads\/2026\/02\/Economia-circular-sin-dueno-380x200.jpg\" alt=\"Econom\u00eda circular sin \u201cdue\u00f1o\u201d: el problema cultural de la empresa\" \/><\/a><\/figure><div class=\"desc\"><time datetime=\"2026-02-16T22:47:01\">16 febrero, 2026<\/time><h5><a href=\"https:\/\/cristinacortinas.org\/sustentabilidad\/economia-circular-sin-dueno-el-problema-cultural-de-la-empresa\/\" title=\"Econom\u00eda circular sin \u201cdue\u00f1o\u201d: el problema cultural de la empresa\">Econom\u00eda circular sin \u201cdue\u00f1o\u201d: el problema cultural de la empresa<\/a><\/h5><p class=\"excerpt\">APORTES A UNA VISI\u00d3N SIST\u00c9MICA Y HOL\u00cdSTICA DE LA ECONOM\u00cdA CIRCULAR Las&hellip;<\/p><\/div><\/li><li class=\"es-carousel_li format-aside clearfix list-item-8\"><figure class=\"featured-thumbnail\"><a href=\"https:\/\/cristinacortinas.org\/sustentabilidad\/vanessa-gallegos-disena-vaso-comestible\/\" title=\"Vanessa Gallegos &#8211; dise\u00f1a vaso comestible\"><img decoding=\"async\" src=\"https:\/\/cristinacortinas.org\/sustentabilidad\/wp-content\/uploads\/2026\/01\/Vaso-comestible-380x200.jpg\" alt=\"Vanessa Gallegos &#8211; dise\u00f1a vaso comestible\" \/><\/a><\/figure><div class=\"desc\"><time datetime=\"2026-01-22T19:57:58\">22 enero, 2026<\/time><h5><a href=\"https:\/\/cristinacortinas.org\/sustentabilidad\/vanessa-gallegos-disena-vaso-comestible\/\" title=\"Vanessa Gallegos &#8211; dise\u00f1a vaso comestible\">Vanessa Gallegos &#8211; dise\u00f1a vaso comestible<\/a><\/h5><p class=\"excerpt\">Invitaci\u00f3n a conocer y opinar sobre iniciativa para crear recipientes para alimentos&hellip;<\/p><\/div><\/li><\/ul><\/div><\/div><script>\r\n\t\t\t\tjQuery(document).ready(function(){\r\n\t\t\t\t\tjQuery(\"#carousel-69f52ce27d1ff\").elastislide({\r\n\t\t\t\t\t\timageW  : 380,\r\n\t\t\t\t\t\tminItems: 3,\r\n\t\t\t\t\t\tspeed   : 600,\r\n\t\t\t\t\t\teasing  : \"easeOutQuart\",\r\n\t\t\t\t\t\tmargin  : 18,\r\n\t\t\t\t\t\tborder  : 0\r\n\t\t\t\t\t});\r\n\t\t\t\t})<\/script><\/div><\/div>\n<p>&nbsp;<\/p>\n<\/div><!-- .row (end) -->\n","protected":false},"excerpt":{"rendered":"","protected":false},"author":1,"featured_media":0,"parent":0,"menu_order":0,"comment_status":"open","ping_status":"closed","template":"page-home.php","meta":{"footnotes":""},"class_list":["post-203","page","type-page","status-publish","hentry","cat-40-id"],"yoast_head":"<!-- This site is optimized with the Yoast SEO plugin v27.4 - https:\/\/yoast.com\/product\/yoast-seo-wordpress\/ -->\n<title>Inicio - Dra. Ma. Cristina Cortinas Dur\u00e1n<\/title>\n<meta name=\"description\" content=\"Salud y el ambiente, particularmente aquellos que ponen de relieve la dimensi\u00f3n que est\u00e1 alcanzando la exposici\u00f3n humana y la de los organismos de la flora y fauna acu\u00e1tica y terrestre a sustancias t\u00f3xicas y peligrosas\" \/>\n<meta name=\"robots\" content=\"index, follow, max-snippet:-1, max-image-preview:large, max-video-preview:-1\" \/>\n<link rel=\"canonical\" href=\"https:\/\/cristinacortinas.org\/sustentabilidad\/\" \/>\n<meta property=\"og:locale\" content=\"es_ES\" \/>\n<meta property=\"og:type\" content=\"article\" \/>\n<meta property=\"og:title\" content=\"Inicio - Dra. Ma. Cristina Cortinas Dur\u00e1n\" \/>\n<meta property=\"og:description\" content=\"Salud y el ambiente, particularmente aquellos que ponen de relieve la dimensi\u00f3n que est\u00e1 alcanzando la exposici\u00f3n humana y la de los organismos de la flora y fauna acu\u00e1tica y terrestre a sustancias t\u00f3xicas y peligrosas\" \/>\n<meta property=\"og:url\" content=\"https:\/\/cristinacortinas.org\/sustentabilidad\/\" \/>\n<meta property=\"og:site_name\" content=\"Dra. Ma. Cristina Cortinas Dur\u00e1n\" \/>\n<meta property=\"article:publisher\" content=\"https:\/\/www.facebook.com\/cristinacortinasduran\/\" \/>\n<meta property=\"article:modified_time\" content=\"2025-12-29T18:10:59+00:00\" \/>\n<meta name=\"twitter:card\" content=\"summary_large_image\" \/>\n<meta name=\"twitter:site\" content=\"@DraCrisCortinas\" \/>\n<meta name=\"twitter:label1\" content=\"Tiempo de lectura\" \/>\n\t<meta name=\"twitter:data1\" content=\"2 minutos\" \/>\n<script type=\"application\/ld+json\" class=\"yoast-schema-graph\">{\"@context\":\"https:\\\/\\\/schema.org\",\"@graph\":[{\"@type\":\"WebPage\",\"@id\":\"https:\\\/\\\/cristinacortinas.org\\\/sustentabilidad\\\/\",\"url\":\"https:\\\/\\\/cristinacortinas.org\\\/sustentabilidad\\\/\",\"name\":\"Inicio - Dra. Ma. Cristina Cortinas Dur\u00e1n\",\"isPartOf\":{\"@id\":\"https:\\\/\\\/cristinacortinas.org\\\/sustentabilidad\\\/#website\"},\"datePublished\":\"2011-09-14T09:45:02+00:00\",\"dateModified\":\"2025-12-29T18:10:59+00:00\",\"description\":\"Salud y el ambiente, particularmente aquellos que ponen de relieve la dimensi\u00f3n que est\u00e1 alcanzando la exposici\u00f3n humana y la de los organismos de la flora y fauna acu\u00e1tica y terrestre a sustancias t\u00f3xicas y peligrosas\",\"breadcrumb\":{\"@id\":\"https:\\\/\\\/cristinacortinas.org\\\/sustentabilidad\\\/#breadcrumb\"},\"inLanguage\":\"es\",\"potentialAction\":[{\"@type\":\"ReadAction\",\"target\":[\"https:\\\/\\\/cristinacortinas.org\\\/sustentabilidad\\\/\"]}]},{\"@type\":\"BreadcrumbList\",\"@id\":\"https:\\\/\\\/cristinacortinas.org\\\/sustentabilidad\\\/#breadcrumb\",\"itemListElement\":[{\"@type\":\"ListItem\",\"position\":1,\"name\":\"Portada\",\"item\":\"https:\\\/\\\/cristinacortinas.org\\\/sustentabilidad\\\/\"},{\"@type\":\"ListItem\",\"position\":2,\"name\":\"Inicio\"}]},{\"@type\":\"WebSite\",\"@id\":\"https:\\\/\\\/cristinacortinas.org\\\/sustentabilidad\\\/#website\",\"url\":\"https:\\\/\\\/cristinacortinas.org\\\/sustentabilidad\\\/\",\"name\":\"Dra. Ma. Cristina Cortinas Dur\u00e1n\",\"description\":\"\",\"potentialAction\":[{\"@type\":\"SearchAction\",\"target\":{\"@type\":\"EntryPoint\",\"urlTemplate\":\"https:\\\/\\\/cristinacortinas.org\\\/sustentabilidad\\\/?s={search_term_string}\"},\"query-input\":{\"@type\":\"PropertyValueSpecification\",\"valueRequired\":true,\"valueName\":\"search_term_string\"}}],\"inLanguage\":\"es\"}]}<\/script>\n<!-- \/ Yoast SEO plugin. -->","yoast_head_json":{"title":"Inicio - Dra. Ma. Cristina Cortinas Dur\u00e1n","description":"Salud y el ambiente, particularmente aquellos que ponen de relieve la dimensi\u00f3n que est\u00e1 alcanzando la exposici\u00f3n humana y la de los organismos de la flora y fauna acu\u00e1tica y terrestre a sustancias t\u00f3xicas y peligrosas","robots":{"index":"index","follow":"follow","max-snippet":"max-snippet:-1","max-image-preview":"max-image-preview:large","max-video-preview":"max-video-preview:-1"},"canonical":"https:\/\/cristinacortinas.org\/sustentabilidad\/","og_locale":"es_ES","og_type":"article","og_title":"Inicio - Dra. Ma. Cristina Cortinas Dur\u00e1n","og_description":"Salud y el ambiente, particularmente aquellos que ponen de relieve la dimensi\u00f3n que est\u00e1 alcanzando la exposici\u00f3n humana y la de los organismos de la flora y fauna acu\u00e1tica y terrestre a sustancias t\u00f3xicas y peligrosas","og_url":"https:\/\/cristinacortinas.org\/sustentabilidad\/","og_site_name":"Dra. Ma. Cristina Cortinas Dur\u00e1n","article_publisher":"https:\/\/www.facebook.com\/cristinacortinasduran\/","article_modified_time":"2025-12-29T18:10:59+00:00","twitter_card":"summary_large_image","twitter_site":"@DraCrisCortinas","twitter_misc":{"Tiempo de lectura":"2 minutos"},"schema":{"@context":"https:\/\/schema.org","@graph":[{"@type":"WebPage","@id":"https:\/\/cristinacortinas.org\/sustentabilidad\/","url":"https:\/\/cristinacortinas.org\/sustentabilidad\/","name":"Inicio - Dra. Ma. Cristina Cortinas Dur\u00e1n","isPartOf":{"@id":"https:\/\/cristinacortinas.org\/sustentabilidad\/#website"},"datePublished":"2011-09-14T09:45:02+00:00","dateModified":"2025-12-29T18:10:59+00:00","description":"Salud y el ambiente, particularmente aquellos que ponen de relieve la dimensi\u00f3n que est\u00e1 alcanzando la exposici\u00f3n humana y la de los organismos de la flora y fauna acu\u00e1tica y terrestre a sustancias t\u00f3xicas y peligrosas","breadcrumb":{"@id":"https:\/\/cristinacortinas.org\/sustentabilidad\/#breadcrumb"},"inLanguage":"es","potentialAction":[{"@type":"ReadAction","target":["https:\/\/cristinacortinas.org\/sustentabilidad\/"]}]},{"@type":"BreadcrumbList","@id":"https:\/\/cristinacortinas.org\/sustentabilidad\/#breadcrumb","itemListElement":[{"@type":"ListItem","position":1,"name":"Portada","item":"https:\/\/cristinacortinas.org\/sustentabilidad\/"},{"@type":"ListItem","position":2,"name":"Inicio"}]},{"@type":"WebSite","@id":"https:\/\/cristinacortinas.org\/sustentabilidad\/#website","url":"https:\/\/cristinacortinas.org\/sustentabilidad\/","name":"Dra. Ma. Cristina Cortinas Dur\u00e1n","description":"","potentialAction":[{"@type":"SearchAction","target":{"@type":"EntryPoint","urlTemplate":"https:\/\/cristinacortinas.org\/sustentabilidad\/?s={search_term_string}"},"query-input":{"@type":"PropertyValueSpecification","valueRequired":true,"valueName":"search_term_string"}}],"inLanguage":"es"}]}},"_links":{"self":[{"href":"https:\/\/cristinacortinas.org\/sustentabilidad\/wp-json\/wp\/v2\/pages\/203","targetHints":{"allow":["GET"]}}],"collection":[{"href":"https:\/\/cristinacortinas.org\/sustentabilidad\/wp-json\/wp\/v2\/pages"}],"about":[{"href":"https:\/\/cristinacortinas.org\/sustentabilidad\/wp-json\/wp\/v2\/types\/page"}],"author":[{"embeddable":true,"href":"https:\/\/cristinacortinas.org\/sustentabilidad\/wp-json\/wp\/v2\/users\/1"}],"replies":[{"embeddable":true,"href":"https:\/\/cristinacortinas.org\/sustentabilidad\/wp-json\/wp\/v2\/comments?post=203"}],"version-history":[{"count":108,"href":"https:\/\/cristinacortinas.org\/sustentabilidad\/wp-json\/wp\/v2\/pages\/203\/revisions"}],"predecessor-version":[{"id":9862,"href":"https:\/\/cristinacortinas.org\/sustentabilidad\/wp-json\/wp\/v2\/pages\/203\/revisions\/9862"}],"wp:attachment":[{"href":"https:\/\/cristinacortinas.org\/sustentabilidad\/wp-json\/wp\/v2\/media?parent=203"}],"curies":[{"name":"wp","href":"https:\/\/api.w.org\/{rel}","templated":true}]}}