{"id":2286,"date":"2016-02-27T12:01:42","date_gmt":"2016-02-27T18:01:42","guid":{"rendered":"http:\/\/cristinacortinas.org\/sustentabilidad\/?post_type=mbdb_book&#038;p=2286"},"modified":"2023-09-13T18:56:58","modified_gmt":"2023-09-14T00:56:58","slug":"manual-3-valorizacion-de-residuos-participacion-social-e-innovacion-en-su-gestion","status":"publish","type":"mbdb_book","link":"https:\/\/cristinacortinas.org\/sustentabilidad\/book\/manual-3-valorizacion-de-residuos-participacion-social-e-innovacion-en-su-gestion\/","title":{"rendered":"Manual 3  Valorizaci\u00f3n de residuos, participaci\u00f3n social e innovaci\u00f3n en su gesti\u00f3n"},"author":1,"comment_status":"closed","ping_status":"closed","template":"","class_list":["post-2286","mbdb_book","type-mbdb_book","status-publish","hentry","mbdb_genre-semarnat","mbdb_tag-innovacion-en-gestion","mbdb_tag-participacion-social","mbdb_tag-residuos","mbdb_editor-semarnat","post"],"yoast_head":"<!-- This site is optimized with the Yoast SEO plugin v27.4 - https:\/\/yoast.com\/product\/yoast-seo-wordpress\/ -->\n<title>Participaci\u00f3n social e innovaci\u00f3n en su gesti\u00f3n<\/title>\n<meta name=\"description\" content=\"La integraci\u00f3n de la serie de Manuales para Regular los Residuos con Sentido Com\u00fan, adem\u00e1s de tener como prop\u00f3sito contribuir al desarrollo de los diversos ordenamientos jur\u00eddicos que permitir\u00e1n la aplicaci\u00f3n de la Ley General para la Prevenci\u00f3n y Gesti\u00f3n Integral de los Residuos\" \/>\n<meta name=\"robots\" content=\"index, follow, max-snippet:-1, max-image-preview:large, max-video-preview:-1\" \/>\n<link rel=\"canonical\" href=\"https:\/\/cristinacortinas.org\/sustentabilidad\/book\/manual-3-valorizacion-de-residuos-participacion-social-e-innovacion-en-su-gestion\/\" \/>\n<meta property=\"og:locale\" content=\"es_ES\" \/>\n<meta property=\"og:type\" content=\"article\" \/>\n<meta property=\"og:title\" content=\"Participaci\u00f3n social e innovaci\u00f3n en su gesti\u00f3n\" \/>\n<meta property=\"og:description\" content=\"La integraci\u00f3n de la serie de Manuales para Regular los Residuos con Sentido Com\u00fan, adem\u00e1s de tener como prop\u00f3sito contribuir al desarrollo de los diversos ordenamientos jur\u00eddicos que permitir\u00e1n la aplicaci\u00f3n de la Ley General para la Prevenci\u00f3n y Gesti\u00f3n Integral de los Residuos\" \/>\n<meta property=\"og:url\" content=\"https:\/\/cristinacortinas.org\/sustentabilidad\/book\/manual-3-valorizacion-de-residuos-participacion-social-e-innovacion-en-su-gestion\/\" \/>\n<meta property=\"og:site_name\" content=\"Dra. Ma. Cristina Cortinas Dur\u00e1n\" \/>\n<meta property=\"article:publisher\" content=\"https:\/\/www.facebook.com\/cristinacortinasduran\/\" \/>\n<meta property=\"article:modified_time\" content=\"2023-09-14T00:56:58+00:00\" \/>\n<meta name=\"twitter:card\" content=\"summary_large_image\" \/>\n<meta name=\"twitter:site\" content=\"@DraCrisCortinas\" \/>\n<script type=\"application\/ld+json\" class=\"yoast-schema-graph\">{\"@context\":\"https:\\\/\\\/schema.org\",\"@graph\":[{\"@type\":\"WebPage\",\"@id\":\"https:\\\/\\\/cristinacortinas.org\\\/sustentabilidad\\\/book\\\/manual-3-valorizacion-de-residuos-participacion-social-e-innovacion-en-su-gestion\\\/\",\"url\":\"https:\\\/\\\/cristinacortinas.org\\\/sustentabilidad\\\/book\\\/manual-3-valorizacion-de-residuos-participacion-social-e-innovacion-en-su-gestion\\\/\",\"name\":\"Participaci\u00f3n social e innovaci\u00f3n en su gesti\u00f3n\",\"isPartOf\":{\"@id\":\"https:\\\/\\\/cristinacortinas.org\\\/sustentabilidad\\\/#website\"},\"datePublished\":\"2016-02-27T18:01:42+00:00\",\"dateModified\":\"2023-09-14T00:56:58+00:00\",\"description\":\"La integraci\u00f3n de la serie de Manuales para Regular los Residuos con Sentido Com\u00fan, adem\u00e1s de tener como prop\u00f3sito contribuir al desarrollo de los diversos ordenamientos jur\u00eddicos que permitir\u00e1n la aplicaci\u00f3n de la Ley General para la Prevenci\u00f3n y Gesti\u00f3n Integral de los Residuos\",\"breadcrumb\":{\"@id\":\"https:\\\/\\\/cristinacortinas.org\\\/sustentabilidad\\\/book\\\/manual-3-valorizacion-de-residuos-participacion-social-e-innovacion-en-su-gestion\\\/#breadcrumb\"},\"inLanguage\":\"es\",\"potentialAction\":[{\"@type\":\"ReadAction\",\"target\":[\"https:\\\/\\\/cristinacortinas.org\\\/sustentabilidad\\\/book\\\/manual-3-valorizacion-de-residuos-participacion-social-e-innovacion-en-su-gestion\\\/\"]}]},{\"@type\":\"BreadcrumbList\",\"@id\":\"https:\\\/\\\/cristinacortinas.org\\\/sustentabilidad\\\/book\\\/manual-3-valorizacion-de-residuos-participacion-social-e-innovacion-en-su-gestion\\\/#breadcrumb\",\"itemListElement\":[{\"@type\":\"ListItem\",\"position\":1,\"name\":\"Portada\",\"item\":\"https:\\\/\\\/cristinacortinas.org\\\/sustentabilidad\\\/\"},{\"@type\":\"ListItem\",\"position\":2,\"name\":\"Books\",\"item\":\"https:\\\/\\\/cristinacortinas.org\\\/sustentabilidad\\\/book\\\/\"},{\"@type\":\"ListItem\",\"position\":3,\"name\":\"Manual 3 Valorizaci\u00f3n de residuos, participaci\u00f3n social e innovaci\u00f3n en su gesti\u00f3n\"}]},{\"@type\":\"WebSite\",\"@id\":\"https:\\\/\\\/cristinacortinas.org\\\/sustentabilidad\\\/#website\",\"url\":\"https:\\\/\\\/cristinacortinas.org\\\/sustentabilidad\\\/\",\"name\":\"Dra. Ma. Cristina Cortinas Dur\u00e1n\",\"description\":\"\",\"potentialAction\":[{\"@type\":\"SearchAction\",\"target\":{\"@type\":\"EntryPoint\",\"urlTemplate\":\"https:\\\/\\\/cristinacortinas.org\\\/sustentabilidad\\\/?s={search_term_string}\"},\"query-input\":{\"@type\":\"PropertyValueSpecification\",\"valueRequired\":true,\"valueName\":\"search_term_string\"}}],\"inLanguage\":\"es\"}]}<\/script>\n<!-- \/ Yoast SEO plugin. -->","yoast_head_json":{"title":"Participaci\u00f3n social e innovaci\u00f3n en su gesti\u00f3n","description":"La integraci\u00f3n de la serie de Manuales para Regular los Residuos con Sentido Com\u00fan, adem\u00e1s de tener como prop\u00f3sito contribuir al desarrollo de los diversos ordenamientos jur\u00eddicos que permitir\u00e1n la aplicaci\u00f3n de la Ley General para la Prevenci\u00f3n y Gesti\u00f3n Integral de los Residuos","robots":{"index":"index","follow":"follow","max-snippet":"max-snippet:-1","max-image-preview":"max-image-preview:large","max-video-preview":"max-video-preview:-1"},"canonical":"https:\/\/cristinacortinas.org\/sustentabilidad\/book\/manual-3-valorizacion-de-residuos-participacion-social-e-innovacion-en-su-gestion\/","og_locale":"es_ES","og_type":"article","og_title":"Participaci\u00f3n social e innovaci\u00f3n en su gesti\u00f3n","og_description":"La integraci\u00f3n de la serie de Manuales para Regular los Residuos con Sentido Com\u00fan, adem\u00e1s de tener como prop\u00f3sito contribuir al desarrollo de los diversos ordenamientos jur\u00eddicos que permitir\u00e1n la aplicaci\u00f3n de la Ley General para la Prevenci\u00f3n y Gesti\u00f3n Integral de los Residuos","og_url":"https:\/\/cristinacortinas.org\/sustentabilidad\/book\/manual-3-valorizacion-de-residuos-participacion-social-e-innovacion-en-su-gestion\/","og_site_name":"Dra. Ma. Cristina Cortinas Dur\u00e1n","article_publisher":"https:\/\/www.facebook.com\/cristinacortinasduran\/","article_modified_time":"2023-09-14T00:56:58+00:00","twitter_card":"summary_large_image","twitter_site":"@DraCrisCortinas","schema":{"@context":"https:\/\/schema.org","@graph":[{"@type":"WebPage","@id":"https:\/\/cristinacortinas.org\/sustentabilidad\/book\/manual-3-valorizacion-de-residuos-participacion-social-e-innovacion-en-su-gestion\/","url":"https:\/\/cristinacortinas.org\/sustentabilidad\/book\/manual-3-valorizacion-de-residuos-participacion-social-e-innovacion-en-su-gestion\/","name":"Participaci\u00f3n social e innovaci\u00f3n en su gesti\u00f3n","isPartOf":{"@id":"https:\/\/cristinacortinas.org\/sustentabilidad\/#website"},"datePublished":"2016-02-27T18:01:42+00:00","dateModified":"2023-09-14T00:56:58+00:00","description":"La integraci\u00f3n de la serie de Manuales para Regular los Residuos con Sentido Com\u00fan, adem\u00e1s de tener como prop\u00f3sito contribuir al desarrollo de los diversos ordenamientos jur\u00eddicos que permitir\u00e1n la aplicaci\u00f3n de la Ley General para la Prevenci\u00f3n y Gesti\u00f3n Integral de los Residuos","breadcrumb":{"@id":"https:\/\/cristinacortinas.org\/sustentabilidad\/book\/manual-3-valorizacion-de-residuos-participacion-social-e-innovacion-en-su-gestion\/#breadcrumb"},"inLanguage":"es","potentialAction":[{"@type":"ReadAction","target":["https:\/\/cristinacortinas.org\/sustentabilidad\/book\/manual-3-valorizacion-de-residuos-participacion-social-e-innovacion-en-su-gestion\/"]}]},{"@type":"BreadcrumbList","@id":"https:\/\/cristinacortinas.org\/sustentabilidad\/book\/manual-3-valorizacion-de-residuos-participacion-social-e-innovacion-en-su-gestion\/#breadcrumb","itemListElement":[{"@type":"ListItem","position":1,"name":"Portada","item":"https:\/\/cristinacortinas.org\/sustentabilidad\/"},{"@type":"ListItem","position":2,"name":"Books","item":"https:\/\/cristinacortinas.org\/sustentabilidad\/book\/"},{"@type":"ListItem","position":3,"name":"Manual 3 Valorizaci\u00f3n de residuos, participaci\u00f3n social e innovaci\u00f3n en su gesti\u00f3n"}]},{"@type":"WebSite","@id":"https:\/\/cristinacortinas.org\/sustentabilidad\/#website","url":"https:\/\/cristinacortinas.org\/sustentabilidad\/","name":"Dra. Ma. Cristina Cortinas Dur\u00e1n","description":"","potentialAction":[{"@type":"SearchAction","target":{"@type":"EntryPoint","urlTemplate":"https:\/\/cristinacortinas.org\/sustentabilidad\/?s={search_term_string}"},"query-input":{"@type":"PropertyValueSpecification","valueRequired":true,"valueName":"search_term_string"}}],"inLanguage":"es"}]}},"_links":{"self":[{"href":"https:\/\/cristinacortinas.org\/sustentabilidad\/wp-json\/wp\/v2\/books\/2286","targetHints":{"allow":["GET"]}}],"collection":[{"href":"https:\/\/cristinacortinas.org\/sustentabilidad\/wp-json\/wp\/v2\/books"}],"about":[{"href":"https:\/\/cristinacortinas.org\/sustentabilidad\/wp-json\/wp\/v2\/types\/mbdb_book"}],"author":[{"embeddable":true,"href":"https:\/\/cristinacortinas.org\/sustentabilidad\/wp-json\/wp\/v2\/users\/1"}],"replies":[{"embeddable":true,"href":"https:\/\/cristinacortinas.org\/sustentabilidad\/wp-json\/wp\/v2\/comments?post=2286"}],"wp:attachment":[{"href":"https:\/\/cristinacortinas.org\/sustentabilidad\/wp-json\/wp\/v2\/media?parent=2286"}],"curies":[{"name":"wp","href":"https:\/\/api.w.org\/{rel}","templated":true}]}}